{"id":943,"date":"2017-12-01T13:56:01","date_gmt":"2017-12-01T12:56:01","guid":{"rendered":"https:\/\/www.investinluxembourg.be\/contact\/"},"modified":"2026-01-14T10:23:18","modified_gmt":"2026-01-14T09:23:18","slug":"contact","status":"publish","type":"page","link":"https:\/\/www.investinluxembourg.be\/nl\/contact\/","title":{"rendered":"Neem contact met ons op"},"content":{"rendered":"<div class=\"wpb-content-wrapper\"><p>[vc_row type=&#8221;vc_default&#8221; gap=&#8221;15&#8243; content_placement=&#8221;middle&#8221; bg_type=&#8221;image&#8221; parallax_style=&#8221;vcpb-default&#8221; bg_image_new=&#8221;id^3951|url^https:\/\/investinluxembourg.be\/wp-content\/uploads\/2020\/05\/Si\u00e8ge-social-IDELUX.jpg|caption^null|alt^Si\u00e8ge social IDELUX D\u00e9veloppement &#8211; Invest in Luxembourg|title^Si\u00e8ge social IDELUX|description^null&#8221; bg_image_repeat=&#8221;no-repeat&#8221; bg_override=&#8221;ex-full&#8221; enable_overlay=&#8221;enable_overlay_value&#8221; overlay_color=&#8221;rgba(37,79,86,0.7)&#8221; css=&#8221;.vc_custom_1589209381550{margin-bottom: 30px !important;padding-top: 30px !important;padding-bottom: 30px !important;}&#8221; el_class=&#8221;custom-line&#8221;][vc_column][vc_column_text css=&#8221;.vc_custom_1589209415366{margin-bottom: 50px !important;}&#8221; el_class=&#8221;custom-white&#8221;]<\/p>\n<h1>Neem contact met ons op<\/h1>\n<div class=\"wpb_text_column wpb_content_element vc_custom_1539270789260\">\n<div class=\"wpb_wrapper\">\n<p>Wil je meer weten <strong>over\u00a0de mogelijkheden<\/strong> die de Belgische provincie Luxemburg voor uw bedrijf?<\/p>\n<p>Ons team <strong>staat voor uw service<\/strong> voor een antwoord op al uw vragen.<\/p>\n<p>Neem contact met ons op via <strong>het formulier<\/strong> hiernaast en wij moeten snel antwoord !<\/p>\n<\/div>\n<\/div>\n<p>[\/vc_column_text][\/vc_column][\/vc_row][vc_row type=&#8221;vc_default&#8221; gap=&#8221;15&#8243; el_class=&#8221;custom-line&#8221;][vc_column width=&#8221;1\/2&#8243;][vc_column_text]<\/p>\n<h4>IDELUX D\u00e9veloppement &#8211; Invest in Luxembourg<\/h4>\n<p>Dr\u00e8ve de l\u2019Arc-en-Ciel 98<br \/>\n6700 Arlon<br \/>\nBelgique[\/vc_column_text][vc_raw_html css=&#8221;&#8221;]JTNDaWZyYW1lJTIwc3JjJTNEJTIyaHR0cHMlM0ElMkYlMkZ3d3cuZ29vZ2xlLmNvbSUyRm1hcHMlMkZlbWJlZCUzRnBiJTNEJTIxMW0xOCUyMTFtMTIlMjExbTMlMjExZDExMTU2MTMuNTM5ODk1OTYyNyUyMTJkNC44OTA4NzM0MTk4NDk4NjclMjEzZDUwLjAxMTg4MDY2MDQxODY0JTIxMm0zJTIxMWYwJTIxMmYwJTIxM2YwJTIxM20yJTIxMWkxMDI0JTIxMmk3NjglMjE0ZjEzLjElMjEzbTMlMjExbTIlMjExczB4NDdlYWJhODIzYjg4ZjM3YiUyNTNBMHg4OThlNjQxZmJjYTc5MTZiJTIxMnNJREVMVVglMjE1ZTAlMjEzbTIlMjExc2ZyJTIxMnNiZSUyMTR2MTc2ODM4MjU0MDUxMCUyMTVtMiUyMTFzZnIlMjEyc2JlJTIyJTIwd2lkdGglM0QlMjIxMDAlMjUlMjIlMjBoZWlnaHQlM0QlMjI1MDAlMjIlMjBzdHlsZSUzRCUyMmJvcmRlciUzQTAlM0IlMjIlMjBhbGxvd2Z1bGxzY3JlZW4lM0QlMjIlMjIlMjBsb2FkaW5nJTNEJTIybGF6eSUyMiUyMHJlZmVycmVycG9saWN5JTNEJTIybm8tcmVmZXJyZXItd2hlbi1kb3duZ3JhZGUlMjIlM0UlM0MlMkZpZnJhbWUlM0U=[\/vc_raw_html][\/vc_column][vc_column width=&#8221;1\/2&#8243;]\n<div class=\"wpcf7 no-js\" id=\"wpcf7-f945-o1\" lang=\"fr-BE\" dir=\"ltr\" data-wpcf7-id=\"945\">\n<div class=\"screen-reader-response\"><p role=\"status\" aria-live=\"polite\" aria-atomic=\"true\"><\/p> <ul><\/ul><\/div>\n<form action=\"\/nl\/wp-json\/wp\/v2\/pages\/943#wpcf7-f945-o1\" method=\"post\" class=\"wpcf7-form init\" aria-label=\"Contact form\" novalidate=\"novalidate\" data-status=\"init\">\n<fieldset class=\"hidden-fields-container\"><input type=\"hidden\" name=\"_wpcf7\" value=\"945\" \/><input type=\"hidden\" name=\"_wpcf7_version\" value=\"6.1.5\" \/><input type=\"hidden\" name=\"_wpcf7_locale\" value=\"fr_BE\" \/><input type=\"hidden\" name=\"_wpcf7_unit_tag\" value=\"wpcf7-f945-o1\" \/><input type=\"hidden\" name=\"_wpcf7_container_post\" value=\"0\" \/><input type=\"hidden\" name=\"_wpcf7_posted_data_hash\" value=\"\" \/><input type=\"hidden\" name=\"_wpcf7_recaptcha_response\" value=\"\" \/>\n<\/fieldset>\n<h3>Vertel ons over uw project\n<\/h3>\n<p><label>Voornaam *<\/label><br \/>\n<span class=\"wpcf7-form-control-wrap\" data-name=\"prenom\"><input size=\"40\" maxlength=\"400\" class=\"wpcf7-form-control wpcf7-text wpcf7-validates-as-required\" aria-required=\"true\" aria-invalid=\"false\" value=\"\" type=\"text\" name=\"prenom\" \/><\/span>\n<\/p>\n<p><label>Naam *<\/label><br \/>\n<span class=\"wpcf7-form-control-wrap\" data-name=\"nom\"><input size=\"40\" maxlength=\"400\" class=\"wpcf7-form-control wpcf7-text wpcf7-validates-as-required\" aria-required=\"true\" aria-invalid=\"false\" value=\"\" type=\"text\" name=\"nom\" \/><\/span>\n<\/p>\n<p><label>E-mailadres *<\/label><br \/>\n<span class=\"wpcf7-form-control-wrap\" data-name=\"email\"><input size=\"40\" maxlength=\"400\" class=\"wpcf7-form-control wpcf7-email wpcf7-validates-as-required wpcf7-text wpcf7-validates-as-email\" aria-required=\"true\" aria-invalid=\"false\" value=\"\" type=\"email\" name=\"email\" \/><\/span>\n<\/p>\n<p><label>Telefoonnummer\/GSM *<\/label><br \/>\n<span class=\"wpcf7-form-control-wrap\" data-name=\"telephone\"><input size=\"40\" maxlength=\"400\" class=\"wpcf7-form-control wpcf7-tel wpcf7-validates-as-required wpcf7-text wpcf7-validates-as-tel\" aria-required=\"true\" aria-invalid=\"false\" value=\"\" type=\"tel\" name=\"telephone\" \/><\/span>\n<\/p>\n<p><label>Bedrijf *<\/label><br \/>\n<span class=\"wpcf7-form-control-wrap\" data-name=\"entreprise\"><input size=\"40\" maxlength=\"400\" class=\"wpcf7-form-control wpcf7-text wpcf7-validates-as-required\" aria-required=\"true\" aria-invalid=\"false\" value=\"\" type=\"text\" name=\"entreprise\" \/><\/span>\n<\/p>\n<p><label>Functie *<\/label><br \/>\n<span class=\"wpcf7-form-control-wrap\" data-name=\"fonction\"><input size=\"40\" maxlength=\"400\" class=\"wpcf7-form-control wpcf7-text wpcf7-validates-as-required\" aria-required=\"true\" aria-invalid=\"false\" value=\"\" type=\"text\" name=\"fonction\" \/><\/span>\n<\/p>\n<p><label>Uw project *<\/label><br \/>\n<span class=\"wpcf7-form-control-wrap\" data-name=\"message\"><textarea cols=\"1\" rows=\"3\" maxlength=\"2000\" class=\"wpcf7-form-control wpcf7-textarea wpcf7-validates-as-required\" aria-required=\"true\" aria-invalid=\"false\" name=\"message\"><\/textarea><\/span>\n<\/p>\n<p><label>De service die u interesseert :<\/label>\n<\/p>\n<p><span class=\"wpcf7-form-control-wrap\" data-name=\"service\"><select class=\"wpcf7-form-control wpcf7-select wpcf7-validates-as-required\" aria-required=\"true\" aria-invalid=\"false\" name=\"service\"><option value=\"Zich vestigen\">Zich vestigen<\/option><option value=\"Innoveren\">Innoveren<\/option><option value=\"Krijg financiering\">Krijg financiering<\/option><option value=\"Investeren\">Investeren<\/option><option value=\"Advies krijgen\">Advies krijgen<\/option><\/select><\/span>\n<\/p>\n<p><label>De sector die u interesseert :<\/label>\n<\/p>\n<p><span class=\"wpcf7-form-control-wrap\" data-name=\"secteur\"><select class=\"wpcf7-form-control wpcf7-select wpcf7-validates-as-required\" aria-required=\"true\" aria-invalid=\"false\" name=\"secteur\"><option value=\"Ruimtevaart-Cyberveiligheid\">Ruimtevaart-Cyberveiligheid<\/option><option value=\"Hout\">Hout<\/option><option value=\"Biowetenschappen\">Biowetenschappen<\/option><option value=\"Logistiek\">Logistiek<\/option><option value=\"Agrovoeding\">Agrovoeding<\/option><option value=\"Toerisme\">Toerisme<\/option><\/select><\/span>\n<\/p>\n<p><span class=\"wpcf7-form-control-wrap\" data-name=\"privacy\"><span class=\"wpcf7-form-control wpcf7-acceptance\"><span class=\"wpcf7-list-item\"><label><input type=\"checkbox\" name=\"privacy\" value=\"1\" aria-invalid=\"false\" \/><span class=\"wpcf7-list-item-label\">Ik machtig Invest in Luxemburg om mij deze inhoud via e-mail te sturen.*<\/span><\/label><\/span><\/span><\/span>\n<\/p>\n<p style=\"font-size: 12px; line-height: 20px;\">Door hieronder op \"Sturen\" te klikken, machtigt u Stratenet om de hierboven ingediende persoonlijke gegevens op te slaan en te verwerken, zodat deze u van voldoende informatie kan voorzien. U kunt zich op elk gewenst moment uitschrijven voor deze communicatie.\n<\/p>\n<p><input class=\"wpcf7-form-control wpcf7-submit has-spinner\" type=\"submit\" value=\"Sturen\" \/>\n<\/p><div class=\"wpcf7-response-output\" aria-hidden=\"true\"><\/div>\n<\/form>\n<\/div>\n[\/vc_column][\/vc_row]<\/p>\n<\/div>","protected":false},"excerpt":{"rendered":"<p>[vc_row type=&#8221;vc_default&#8221; gap=&#8221;15&#8243; content_placement=&#8221;middle&#8221; bg_type=&#8221;image&#8221; parallax_style=&#8221;vcpb-default&#8221; bg_image_new=&#8221;id^3951|url^https:\/\/investinluxembourg.be\/wp-content\/uploads\/2020\/05\/Si\u00e8ge-social-IDELUX.jpg|caption^null|alt^Si\u00e8ge social IDELUX D\u00e9veloppement &#8211; Invest in Luxembourg|title^Si\u00e8ge social IDELUX|description^null&#8221; bg_image_repeat=&#8221;no-repeat&#8221; bg_override=&#8221;ex-full&#8221; enable_overlay=&#8221;enable_overlay_value&#8221; overlay_color=&#8221;rgba(37,79,86,0.7)&#8221; css=&#8221;.vc_custom_1589209381550{margin-bottom: 30px !important;padding-top: 30px !important;padding-bottom: 30px !important;}&#8221; el_class=&#8221;custom-line&#8221;][vc_column][vc_column_text css=&#8221;.vc_custom_1589209415366{margin-bottom: 50px !important;}&#8221; el_class=&#8221;custom-white&#8221;] Neem contact met ons op Wil je meer weten over\u00a0de mogelijkheden die de Belgische provincie Luxemburg voor uw bedrijf? Ons team staat voor&hellip;<\/p>\n","protected":false},"author":4,"featured_media":0,"parent":0,"menu_order":8,"comment_status":"closed","ping_status":"closed","template":"","meta":{"footnotes":""},"class_list":["post-943","page","type-page","status-publish","hentry","description-off"],"yoast_head":"<!-- This site is optimized with the Yoast SEO plugin v27.5 - https:\/\/yoast.com\/product\/yoast-seo-wordpress\/ -->\n<title>Contact - De groei van de regio Luxemburg | Idelux<\/title>\n<meta name=\"description\" content=\"Contacteer ons indien u meer info wenst over de verschillende opportuniteiten voor uw onderneming, aangeboden door de provincie Luxemburg.\" \/>\n<meta name=\"robots\" content=\"index, follow, max-snippet:-1, max-image-preview:large, max-video-preview:-1\" \/>\n<link rel=\"canonical\" href=\"https:\/\/www.investinluxembourg.be\/nl\/contact\/\" \/>\n<meta property=\"og:locale\" content=\"nl_NL\" \/>\n<meta property=\"og:type\" content=\"article\" \/>\n<meta property=\"og:title\" content=\"Contact - De groei van de regio Luxemburg | Idelux\" \/>\n<meta property=\"og:description\" content=\"Contacteer ons indien u meer info wenst over de verschillende opportuniteiten voor uw onderneming, aangeboden door de provincie Luxemburg.\" \/>\n<meta property=\"og:url\" content=\"https:\/\/www.investinluxembourg.be\/nl\/contact\/\" \/>\n<meta property=\"og:site_name\" content=\"Idelux\" \/>\n<meta property=\"article:modified_time\" content=\"2026-01-14T09:23:18+00:00\" \/>\n<meta name=\"twitter:card\" content=\"summary_large_image\" \/>\n<meta name=\"twitter:label1\" content=\"Geschatte leestijd\" \/>\n\t<meta name=\"twitter:data1\" content=\"1 minuut\" \/>\n<script type=\"application\/ld+json\" class=\"yoast-schema-graph\">{\"@context\":\"https:\\\/\\\/schema.org\",\"@graph\":[{\"@type\":\"WebPage\",\"@id\":\"https:\\\/\\\/www.investinluxembourg.be\\\/nl\\\/contact\\\/\",\"url\":\"https:\\\/\\\/www.investinluxembourg.be\\\/nl\\\/contact\\\/\",\"name\":\"Contact - De groei van de regio Luxemburg | Idelux\",\"isPartOf\":{\"@id\":\"https:\\\/\\\/www.investinluxembourg.be\\\/#website\"},\"datePublished\":\"2017-12-01T12:56:01+00:00\",\"dateModified\":\"2026-01-14T09:23:18+00:00\",\"description\":\"Contacteer ons indien u meer info wenst over de verschillende opportuniteiten voor uw onderneming, aangeboden door de provincie Luxemburg.\",\"breadcrumb\":{\"@id\":\"https:\\\/\\\/www.investinluxembourg.be\\\/nl\\\/contact\\\/#breadcrumb\"},\"inLanguage\":\"nl-NL\",\"potentialAction\":[{\"@type\":\"ReadAction\",\"target\":[\"https:\\\/\\\/www.investinluxembourg.be\\\/nl\\\/contact\\\/\"]}]},{\"@type\":\"BreadcrumbList\",\"@id\":\"https:\\\/\\\/www.investinluxembourg.be\\\/nl\\\/contact\\\/#breadcrumb\",\"itemListElement\":[{\"@type\":\"ListItem\",\"position\":1,\"name\":\"Accueil\",\"item\":\"https:\\\/\\\/www.investinluxembourg.be\\\/nl\\\/\"},{\"@type\":\"ListItem\",\"position\":2,\"name\":\"Neem contact met ons op\"}]},{\"@type\":\"WebSite\",\"@id\":\"https:\\\/\\\/www.investinluxembourg.be\\\/#website\",\"url\":\"https:\\\/\\\/www.investinluxembourg.be\\\/\",\"name\":\"Idelux\",\"description\":\"\",\"potentialAction\":[{\"@type\":\"SearchAction\",\"target\":{\"@type\":\"EntryPoint\",\"urlTemplate\":\"https:\\\/\\\/www.investinluxembourg.be\\\/?s={search_term_string}\"},\"query-input\":{\"@type\":\"PropertyValueSpecification\",\"valueRequired\":true,\"valueName\":\"search_term_string\"}}],\"inLanguage\":\"nl-NL\"}]}<\/script>\n<!-- \/ Yoast SEO plugin. -->","yoast_head_json":{"title":"Contact - De groei van de regio Luxemburg | Idelux","description":"Contacteer ons indien u meer info wenst over de verschillende opportuniteiten voor uw onderneming, aangeboden door de provincie Luxemburg.","robots":{"index":"index","follow":"follow","max-snippet":"max-snippet:-1","max-image-preview":"max-image-preview:large","max-video-preview":"max-video-preview:-1"},"canonical":"https:\/\/www.investinluxembourg.be\/nl\/contact\/","og_locale":"nl_NL","og_type":"article","og_title":"Contact - De groei van de regio Luxemburg | Idelux","og_description":"Contacteer ons indien u meer info wenst over de verschillende opportuniteiten voor uw onderneming, aangeboden door de provincie Luxemburg.","og_url":"https:\/\/www.investinluxembourg.be\/nl\/contact\/","og_site_name":"Idelux","article_modified_time":"2026-01-14T09:23:18+00:00","twitter_card":"summary_large_image","twitter_misc":{"Geschatte leestijd":"1 minuut"},"schema":{"@context":"https:\/\/schema.org","@graph":[{"@type":"WebPage","@id":"https:\/\/www.investinluxembourg.be\/nl\/contact\/","url":"https:\/\/www.investinluxembourg.be\/nl\/contact\/","name":"Contact - De groei van de regio Luxemburg | Idelux","isPartOf":{"@id":"https:\/\/www.investinluxembourg.be\/#website"},"datePublished":"2017-12-01T12:56:01+00:00","dateModified":"2026-01-14T09:23:18+00:00","description":"Contacteer ons indien u meer info wenst over de verschillende opportuniteiten voor uw onderneming, aangeboden door de provincie Luxemburg.","breadcrumb":{"@id":"https:\/\/www.investinluxembourg.be\/nl\/contact\/#breadcrumb"},"inLanguage":"nl-NL","potentialAction":[{"@type":"ReadAction","target":["https:\/\/www.investinluxembourg.be\/nl\/contact\/"]}]},{"@type":"BreadcrumbList","@id":"https:\/\/www.investinluxembourg.be\/nl\/contact\/#breadcrumb","itemListElement":[{"@type":"ListItem","position":1,"name":"Accueil","item":"https:\/\/www.investinluxembourg.be\/nl\/"},{"@type":"ListItem","position":2,"name":"Neem contact met ons op"}]},{"@type":"WebSite","@id":"https:\/\/www.investinluxembourg.be\/#website","url":"https:\/\/www.investinluxembourg.be\/","name":"Idelux","description":"","potentialAction":[{"@type":"SearchAction","target":{"@type":"EntryPoint","urlTemplate":"https:\/\/www.investinluxembourg.be\/?s={search_term_string}"},"query-input":{"@type":"PropertyValueSpecification","valueRequired":true,"valueName":"search_term_string"}}],"inLanguage":"nl-NL"}]}},"_links":{"self":[{"href":"https:\/\/www.investinluxembourg.be\/nl\/wp-json\/wp\/v2\/pages\/943","targetHints":{"allow":["GET"]}}],"collection":[{"href":"https:\/\/www.investinluxembourg.be\/nl\/wp-json\/wp\/v2\/pages"}],"about":[{"href":"https:\/\/www.investinluxembourg.be\/nl\/wp-json\/wp\/v2\/types\/page"}],"author":[{"embeddable":true,"href":"https:\/\/www.investinluxembourg.be\/nl\/wp-json\/wp\/v2\/users\/4"}],"replies":[{"embeddable":true,"href":"https:\/\/www.investinluxembourg.be\/nl\/wp-json\/wp\/v2\/comments?post=943"}],"version-history":[{"count":4,"href":"https:\/\/www.investinluxembourg.be\/nl\/wp-json\/wp\/v2\/pages\/943\/revisions"}],"predecessor-version":[{"id":11314,"href":"https:\/\/www.investinluxembourg.be\/nl\/wp-json\/wp\/v2\/pages\/943\/revisions\/11314"}],"wp:attachment":[{"href":"https:\/\/www.investinluxembourg.be\/nl\/wp-json\/wp\/v2\/media?parent=943"}],"curies":[{"name":"wp","href":"https:\/\/api.w.org\/{rel}","templated":true}]}}