{"id":6245,"date":"2023-07-09T01:19:21","date_gmt":"2023-07-08T23:19:21","guid":{"rendered":"https:\/\/staging.investinluxembourg.be\/?page_id=6245"},"modified":"2023-07-13T08:51:12","modified_gmt":"2023-07-13T06:51:12","slug":"nieuws","status":"publish","type":"page","link":"https:\/\/www.investinluxembourg.be\/nl\/nieuws\/","title":{"rendered":"Nieuws"},"content":{"rendered":"<div class=\"wpb-content-wrapper\"><p>[vc_row][vc_column]<style type=\"text\/css\" data-type=\"the7_shortcodes-inline-css\">.blog-shortcode.blog-list-shortcode-id-3310d8a8d156a1d73b5a52a235e16d7a.dividers-on.classic-layout-list article {\n  margin-top: 30px;\n  padding-top: 0;\n}\n.blog-shortcode.blog-list-shortcode-id-3310d8a8d156a1d73b5a52a235e16d7a.dividers-on.classic-layout-list article:first-of-type {\n  margin-top: 0;\n  padding-top: 0;\n}\n.blog-shortcode.blog-list-shortcode-id-3310d8a8d156a1d73b5a52a235e16d7a.classic-layout-list.mode-list .post-thumbnail-wrap {\n  width: 60%;\n}\n.blog-shortcode.blog-list-shortcode-id-3310d8a8d156a1d73b5a52a235e16d7a.classic-layout-list.mode-list .post-entry-content {\n  width: calc(100% - 60%);\n}\n.blog-shortcode.blog-list-shortcode-id-3310d8a8d156a1d73b5a52a235e16d7a.classic-layout-list.mode-list .no-img .post-entry-content {\n  width: 100%;\n}\n.blog-shortcode.blog-list-shortcode-id-3310d8a8d156a1d73b5a52a235e16d7a .filter-bg-decoration .filter-categories a.act {\n  color: #fff;\n}\n.blog-shortcode.blog-list-shortcode-id-3310d8a8d156a1d73b5a52a235e16d7a:not(.mode-masonry) article {\n  margin-top: 30px;\n}\n.blog-shortcode.blog-list-shortcode-id-3310d8a8d156a1d73b5a52a235e16d7a:not(.mode-masonry) article:first-of-type,\n.blog-shortcode.blog-list-shortcode-id-3310d8a8d156a1d73b5a52a235e16d7a:not(.mode-masonry) article.visible.first:not(.product) {\n  margin-top: 0;\n}\n.blog-shortcode.blog-list-shortcode-id-3310d8a8d156a1d73b5a52a235e16d7a.dividers-on:not(.mode-masonry) article {\n  margin-top: 0;\n  padding-top: 30px;\n}\n.blog-shortcode.blog-list-shortcode-id-3310d8a8d156a1d73b5a52a235e16d7a.dividers-on:not(.mode-masonry) article:first-of-type,\n.blog-shortcode.blog-list-shortcode-id-3310d8a8d156a1d73b5a52a235e16d7a.dividers-on:not(.mode-masonry) article.visible.first:not(.product) {\n  margin-top: 0;\n  padding-top: 0;\n}\n.blog-shortcode.blog-list-shortcode-id-3310d8a8d156a1d73b5a52a235e16d7a .post-thumbnail-wrap {\n  padding: 0px 0px 25px 0px;\n}\n.blog-shortcode.blog-list-shortcode-id-3310d8a8d156a1d73b5a52a235e16d7a.enable-bg-rollover .post-thumbnail-rollover:after {\n  background: -webkit-linear-gradient();\n  background: linear-gradient();\n}\n.blog-shortcode.blog-list-shortcode-id-3310d8a8d156a1d73b5a52a235e16d7a .gallery-zoom-ico {\n  width: 44px;\n  height: 44px;\n  line-height: 44px;\n  border-radius: 100px;\n  margin: -22px 0 0 -22px;\n  border-width: 0px;\n  color: #ffffff;\n}\n.bottom-overlap-layout-list.blog-shortcode.blog-list-shortcode-id-3310d8a8d156a1d73b5a52a235e16d7a .gallery-zoom-ico {\n  margin-top: -22px;\n}\n.gradient-overlay-layout-list.blog-shortcode.blog-list-shortcode-id-3310d8a8d156a1d73b5a52a235e16d7a .gallery-zoom-ico,\n.content-rollover-layout-list.blog-shortcode.blog-list-shortcode-id-3310d8a8d156a1d73b5a52a235e16d7a .gallery-zoom-ico {\n  margin: 0 0 10px;\n}\n.content-align-center.gradient-overlay-layout-list.blog-shortcode.blog-list-shortcode-id-3310d8a8d156a1d73b5a52a235e16d7a .gallery-zoom-ico,\n.content-align-center.content-rollover-layout-list.blog-shortcode.blog-list-shortcode-id-3310d8a8d156a1d73b5a52a235e16d7a .gallery-zoom-ico {\n  margin: 0 auto 10px;\n}\n.dt-icon-bg-on.blog-shortcode.blog-list-shortcode-id-3310d8a8d156a1d73b5a52a235e16d7a .gallery-zoom-ico {\n  background: rgba(255,255,255,0.3);\n  box-shadow: none;\n}\n.blog-shortcode.blog-list-shortcode-id-3310d8a8d156a1d73b5a52a235e16d7a .gallery-zoom-ico > span,\n.blog-shortcode.blog-list-shortcode-id-3310d8a8d156a1d73b5a52a235e16d7a .gallery-zoom-ico:before {\n  font-size: 32px;\n  line-height: 44px;\n}\n.blog-shortcode.blog-list-shortcode-id-3310d8a8d156a1d73b5a52a235e16d7a .gallery-zoom-ico > span,\n.blog-shortcode.blog-list-shortcode-id-3310d8a8d156a1d73b5a52a235e16d7a .gallery-zoom-ico:before {\n  color: #ffffff;\n}\n.blog-shortcode.blog-list-shortcode-id-3310d8a8d156a1d73b5a52a235e16d7a .fancy-date a {\n  background: #ffffff;\n  box-shadow: none;\n}\n.blog-shortcode.blog-list-shortcode-id-3310d8a8d156a1d73b5a52a235e16d7a .fancy-date a * {\n  color: #2d2d2d;\n}\n.blog-shortcode.blog-list-shortcode-id-3310d8a8d156a1d73b5a52a235e16d7a .entry-title,\n.blog-shortcode.blog-list-shortcode-id-3310d8a8d156a1d73b5a52a235e16d7a.owl-carousel .entry-title {\n  margin-bottom: 15px;\n  font-size: 18px;\n  line-height: 25px;\n  font-weight: bold;\n}\n.blog-shortcode.blog-list-shortcode-id-3310d8a8d156a1d73b5a52a235e16d7a .entry-meta {\n  margin-bottom: 15px;\n}\n.blog-shortcode.blog-list-shortcode-id-3310d8a8d156a1d73b5a52a235e16d7a .portfolio-categories {\n  margin-bottom: 15px;\n}\n.blog-shortcode.blog-list-shortcode-id-3310d8a8d156a1d73b5a52a235e16d7a .entry-excerpt {\n  margin-bottom: 5px;\n  font-size: 16px;\n  line-height: 24px;\n}\n.blog-shortcode.blog-list-shortcode-id-3310d8a8d156a1d73b5a52a235e16d7a:not(.centered-layout-list) .post-entry-content {\n  padding: 25px 30px 30px 30px;\n}\n.blog-shortcode.blog-list-shortcode-id-3310d8a8d156a1d73b5a52a235e16d7a:not(.centered-layout-list):not(.content-bg-on):not(.mode-list) .no-img .post-entry-content {\n  padding: 0;\n}\n@media screen and (max-width: 768px) {\n  .blog-shortcode.blog-list-shortcode-id-3310d8a8d156a1d73b5a52a235e16d7a article {\n    -ms-flex-flow: column nowrap;\n    flex-flow: column nowrap;\n    margin-top: 20px;\n  }\n  .blog-shortcode.blog-list-shortcode-id-3310d8a8d156a1d73b5a52a235e16d7a.dividers-on article {\n    border: none;\n  }\n  .blog-shortcode.blog-list-shortcode-id-3310d8a8d156a1d73b5a52a235e16d7a.content-bg-on.centered-layout-list article {\n    padding: 0;\n  }\n  .blog-shortcode.blog-list-shortcode-id-3310d8a8d156a1d73b5a52a235e16d7a.blog-shortcode.dividers-on article,\n  .blog-shortcode.blog-list-shortcode-id-3310d8a8d156a1d73b5a52a235e16d7a.dividers-on.classic-layout-list article {\n    margin-top: 20px;\n    padding: 0;\n  }\n  .blog-shortcode.blog-list-shortcode-id-3310d8a8d156a1d73b5a52a235e16d7a.blog-shortcode.dividers-on article:first-of-type,\n  .blog-shortcode.blog-list-shortcode-id-3310d8a8d156a1d73b5a52a235e16d7a.dividers-on.classic-layout-list article:first-of-type {\n    padding: 0;\n  }\n  #page .blog-shortcode.blog-list-shortcode-id-3310d8a8d156a1d73b5a52a235e16d7a .post-thumbnail-wrap,\n  #page .blog-shortcode.blog-list-shortcode-id-3310d8a8d156a1d73b5a52a235e16d7a .post-entry-content {\n    width: 100%;\n    margin: 0;\n    top: 0;\n  }\n  #page .blog-shortcode.blog-list-shortcode-id-3310d8a8d156a1d73b5a52a235e16d7a .post-thumbnail-wrap {\n    padding: 0;\n  }\n  #page .blog-shortcode.blog-list-shortcode-id-3310d8a8d156a1d73b5a52a235e16d7a .post-entry-content:after {\n    display: none;\n  }\n  #page .blog-shortcode.blog-list-shortcode-id-3310d8a8d156a1d73b5a52a235e16d7a .project-even .post-thumbnail-wrap,\n  #page .blog-shortcode.blog-list-shortcode-id-3310d8a8d156a1d73b5a52a235e16d7a.centered-layout-list .post-thumbnail-wrap {\n    -ms-flex-order: 0;\n    order: 0;\n  }\n  #page .blog-shortcode.blog-list-shortcode-id-3310d8a8d156a1d73b5a52a235e16d7a.centered-layout-list .post-entry-title-content {\n    -ms-flex-order: 1;\n    order: 1;\n    width: 100%;\n    padding: 20px 20px 0;\n  }\n  #page .blog-shortcode.blog-list-shortcode-id-3310d8a8d156a1d73b5a52a235e16d7a.centered-layout-list .post-entry-content {\n    -ms-flex-order: 2;\n    order: 2;\n    padding-top: 0;\n  }\n  #page .blog-shortcode.blog-list-shortcode-id-3310d8a8d156a1d73b5a52a235e16d7a .fancy-categories {\n    top: 10px;\n    left: 10px;\n    bottom: auto;\n    right: auto;\n  }\n  #page .blog-shortcode.blog-list-shortcode-id-3310d8a8d156a1d73b5a52a235e16d7a .fancy-date a {\n    top: 10px;\n    right: 10px;\n    left: auto;\n    bottom: auto;\n  }\n  #page .blog-shortcode.blog-list-shortcode-id-3310d8a8d156a1d73b5a52a235e16d7a .post-entry-content {\n    padding: 20px;\n  }\n  #page .blog-shortcode.blog-list-shortcode-id-3310d8a8d156a1d73b5a52a235e16d7a .entry-title {\n    margin: 3px 0 5px;\n    font-size: 20px;\n    font-size: 18px;\n    line-height: 26px;\n    line-height: 25px;\n  }\n  #page .blog-shortcode.blog-list-shortcode-id-3310d8a8d156a1d73b5a52a235e16d7a .entry-meta {\n    margin: 5px 0 5px;\n  }\n  #page .blog-shortcode.blog-list-shortcode-id-3310d8a8d156a1d73b5a52a235e16d7a .entry-excerpt {\n    margin: 15px 0 0;\n  }\n  #page .blog-shortcode.blog-list-shortcode-id-3310d8a8d156a1d73b5a52a235e16d7a .post-details {\n    margin: 5px 0 10px;\n  }\n  #page .blog-shortcode.blog-list-shortcode-id-3310d8a8d156a1d73b5a52a235e16d7a .post-details.details-type-link {\n    margin-bottom: 2px;\n  }\n}<\/style><div class=\"articles-list blog-shortcode mode-list blog-list-shortcode-id-3310d8a8d156a1d73b5a52a235e16d7a classic-layout-list dividers-on jquery-filter scale-img dt-icon-bg-off horizontal-fancy-style loading-effect-fade-in\" data-cur-page=\"1\" data-post-limit=\"8\" data-pagination-mode=\"pages\" aria-live=\"assertive\"><article class=\"post project-odd visible post-10512 type-post status-publish format-standard has-post-thumbnail hentry category-blog-nl category-1 description-off\" data-name=\"Join us at the TRANSPRO exhibition at the Wex in Marche-en-Famenne on 21 and 22 of May\" data-date=\"2025-03-21T10:55:57+01:00\">\n\n<div class=\"post-thumbnail-wrap\">\n\t<div class=\"post-thumbnail\">\n\n\t\t\n\t\t\n\t\t<a href=\"https:\/\/www.investinluxembourg.be\/nl\/rejoignez-nous-au-salon-transpro-au-wex-de-marche-en-famenne-les-21-et-22-mai-prochains\/\" class=\"post-thumbnail-rollover layzr-bg layzr-bg\" ><img fetchpriority=\"high\" decoding=\"async\" class=\"blog-thumb-lazy-load preload-me lazy-load aspect\" src=\"data:image\/svg+xml,%3Csvg%20xmlns%3D&#39;http%3A%2F%2Fwww.w3.org%2F2000%2Fsvg&#39;%20viewBox%3D&#39;0%200%20613%20459&#39;%2F%3E\" data-src=\"https:\/\/www.investinluxembourg.be\/wp-content\/uploads\/2025\/03\/Banner-613x459.jpg\" data-srcset=\"https:\/\/www.investinluxembourg.be\/wp-content\/uploads\/2025\/03\/Banner-613x459.jpg 613w, https:\/\/www.investinluxembourg.be\/wp-content\/uploads\/2025\/03\/Banner-613x460.jpg 613w\" loading=\"eager\" style=\"--ratio: 613 \/ 459\" sizes=\"(max-width: 613px) 100vw, 613px\" alt=\"\" title=\"Banner\" width=\"613\" height=\"459\"  \/><\/a>\n\t<\/div>\n<\/div>\n\n\n<div class=\"post-entry-content\">\n\n\t<h3 class=\"entry-title\">\n\t\t<a href=\"https:\/\/www.investinluxembourg.be\/nl\/rejoignez-nous-au-salon-transpro-au-wex-de-marche-en-famenne-les-21-et-22-mai-prochains\/\" title=\"Join us at the TRANSPRO exhibition at the Wex in Marche-en-Famenne on 21 and 22 of May\" rel=\"bookmark\">Join us at the TRANSPRO exhibition at the Wex in Marche-en-Famenne on 21 and 22 of May<\/a>\n\t<\/h3>\n\n\t\n\t<div class=\"entry-excerpt\"><p>IDELUX D\u00e9veloppement will be present on 21 and 22 May at the TRANSPRO exhibition dedicated to the&hellip;<\/p>\n<\/div>\n\t\n<a href=\"https:\/\/www.investinluxembourg.be\/nl\/rejoignez-nous-au-salon-transpro-au-wex-de-marche-en-famenne-les-21-et-22-mai-prochains\/\" class=\"dt-btn-s dt-btn post-details details-type-btn\" aria-label=\"Read more about Join us at the TRANSPRO exhibition at the Wex in Marche-en-Famenne on 21 and 22 of May\">Meer informatie<i class=\"dt-icon-the7-arrow-03\" aria-hidden=\"true\"><\/i><\/a>\n\n<\/div><\/article><article class=\"post project-odd visible post-10517 type-post status-publish format-standard has-post-thumbnail hentry category-blog-nl category-1 description-off\" data-name=\"Come meet us at the Incyber Forum Europe (FIC) in Lille from 1 to 3 April 2025\" data-date=\"2025-03-20T16:57:12+01:00\">\n\n<div class=\"post-thumbnail-wrap\">\n\t<div class=\"post-thumbnail\">\n\n\t\t\n\t\t\n\t\t<a href=\"https:\/\/www.investinluxembourg.be\/nl\/retrouvons-nous-au-forum-incyber-europe-fic-a-lille-1er-3-avril-2025\/\" class=\"post-thumbnail-rollover layzr-bg layzr-bg\" ><img decoding=\"async\" class=\"blog-thumb-lazy-load preload-me lazy-load aspect\" src=\"data:image\/svg+xml,%3Csvg%20xmlns%3D&#39;http%3A%2F%2Fwww.w3.org%2F2000%2Fsvg&#39;%20viewBox%3D&#39;0%200%20768%20576&#39;%2F%3E\" data-src=\"https:\/\/www.investinluxembourg.be\/wp-content\/uploads\/2025\/03\/Banniere-2-768x576.jpg\" data-srcset=\"https:\/\/www.investinluxembourg.be\/wp-content\/uploads\/2025\/03\/Banniere-2-768x576.jpg 768w, https:\/\/www.investinluxembourg.be\/wp-content\/uploads\/2025\/03\/Banniere-2-832x624.jpg 832w\" loading=\"eager\" style=\"--ratio: 768 \/ 576\" sizes=\"(max-width: 768px) 100vw, 768px\" alt=\"\" title=\"Banni\u00e8re-2\" width=\"768\" height=\"576\"  \/><\/a>\n\t<\/div>\n<\/div>\n\n\n<div class=\"post-entry-content\">\n\n\t<h3 class=\"entry-title\">\n\t\t<a href=\"https:\/\/www.investinluxembourg.be\/nl\/retrouvons-nous-au-forum-incyber-europe-fic-a-lille-1er-3-avril-2025\/\" title=\"Come meet us at the Incyber Forum Europe (FIC) in Lille from 1 to 3 April 2025\" rel=\"bookmark\">Come meet us at the Incyber Forum Europe (FIC) in Lille from 1 to 3 April 2025<\/a>\n\t<\/h3>\n\n\t\n\t<div class=\"entry-excerpt\"><p>In the context of increasing cyberthreats, IDELUX D\u00e9veloppement is participating at the 17th edition of the InCyber&hellip;<\/p>\n<\/div>\n\t\n<a href=\"https:\/\/www.investinluxembourg.be\/nl\/retrouvons-nous-au-forum-incyber-europe-fic-a-lille-1er-3-avril-2025\/\" class=\"dt-btn-s dt-btn post-details details-type-btn\" aria-label=\"Read more about Come meet us at the Incyber Forum Europe (FIC) in Lille from 1 to 3 April 2025\">Meer informatie<i class=\"dt-icon-the7-arrow-03\" aria-hidden=\"true\"><\/i><\/a>\n\n<\/div><\/article><article class=\"post project-odd visible post-10466 type-post status-publish format-standard has-post-thumbnail hentry category-blog-nl category-1 description-off\" data-name=\"Transinne : Inauguration of the IDELUX Cybersecurity Centre\" data-date=\"2025-03-14T11:29:53+01:00\">\n\n<div class=\"post-thumbnail-wrap\">\n\t<div class=\"post-thumbnail\">\n\n\t\t\n\t\t\n\t\t<a href=\"https:\/\/www.investinluxembourg.be\/nl\/transinne-inauguration-du-centre-de-cybersecurite-idelux\/\" class=\"post-thumbnail-rollover layzr-bg layzr-bg\" ><img decoding=\"async\" class=\"blog-thumb-lazy-load preload-me lazy-load aspect\" src=\"data:image\/svg+xml,%3Csvg%20xmlns%3D&#39;http%3A%2F%2Fwww.w3.org%2F2000%2Fsvg&#39;%20viewBox%3D&#39;0%200%20720%20540&#39;%2F%3E\" data-src=\"https:\/\/www.investinluxembourg.be\/wp-content\/uploads\/2025\/03\/hall_relais-1_0.jpg-720x540.webp\" data-srcset=\"https:\/\/www.investinluxembourg.be\/wp-content\/uploads\/2025\/03\/hall_relais-1_0.jpg-720x540.webp 720w\" loading=\"eager\" style=\"--ratio: 720 \/ 540\" sizes=\"(max-width: 720px) 100vw, 720px\" alt=\"\" title=\"hall_relais-1_0.jpg\" width=\"720\" height=\"540\"  \/><\/a>\n\t<\/div>\n<\/div>\n\n\n<div class=\"post-entry-content\">\n\n\t<h3 class=\"entry-title\">\n\t\t<a href=\"https:\/\/www.investinluxembourg.be\/nl\/transinne-inauguration-du-centre-de-cybersecurite-idelux\/\" title=\"Transinne : Inauguration of the IDELUX Cybersecurity Centre\" rel=\"bookmark\">Transinne : Inauguration of the IDELUX Cybersecurity Centre<\/a>\n\t<\/h3>\n\n\t\n\t<div class=\"entry-excerpt\"><p>A one-of-a-kind cybersecurity hub has opened in the heart of Wallonia. Its strength lies in the combination&hellip;<\/p>\n<\/div>\n\t\n<a href=\"https:\/\/www.investinluxembourg.be\/nl\/transinne-inauguration-du-centre-de-cybersecurite-idelux\/\" class=\"dt-btn-s dt-btn post-details details-type-btn\" aria-label=\"Read more about Transinne : Inauguration of the IDELUX Cybersecurity Centre\">Meer informatie<i class=\"dt-icon-the7-arrow-03\" aria-hidden=\"true\"><\/i><\/a>\n\n<\/div><\/article><article class=\"post project-odd visible post-9678 type-post status-publish format-standard has-post-thumbnail hentry category-blog-nl tag-entreprises-nl tag-guichet-unique-nl tag-implantation-nl tag-invest-nl tag-luxembourg-belge-nl tag-province-de-luxembourg-nl tag-wallonie-nl category-1 description-off\" data-name=\"A new 300m\u00b2 business centre is now available for rent in Arlon\" data-date=\"2024-06-20T11:15:57+02:00\">\n\n<div class=\"post-thumbnail-wrap\">\n\t<div class=\"post-thumbnail\">\n\n\t\t\n\t\t\n\t\t<a href=\"https:\/\/www.investinluxembourg.be\/nl\/a-new-300m%c2%b2-business-centre-is-now-available-for-rent-in-arlon\/\" class=\"post-thumbnail-rollover layzr-bg layzr-bg\" ><img decoding=\"async\" class=\"blog-thumb-lazy-load preload-me lazy-load aspect\" src=\"data:image\/svg+xml,%3Csvg%20xmlns%3D&#39;http%3A%2F%2Fwww.w3.org%2F2000%2Fsvg&#39;%20viewBox%3D&#39;0%200%20408%20306&#39;%2F%3E\" data-src=\"https:\/\/www.investinluxembourg.be\/wp-content\/uploads\/2024\/06\/IDELUX-bureaux-partages-408x306.jpg\" data-srcset=\"https:\/\/www.investinluxembourg.be\/wp-content\/uploads\/2024\/06\/IDELUX-bureaux-partages-408x306.jpg 408w\" loading=\"eager\" style=\"--ratio: 408 \/ 306\" sizes=\"(max-width: 408px) 100vw, 408px\" alt=\"\" title=\"IDELUX &#8211; bureaux partag\u00e9s\" width=\"408\" height=\"306\"  \/><\/a>\n\t<\/div>\n<\/div>\n\n\n<div class=\"post-entry-content\">\n\n\t<h3 class=\"entry-title\">\n\t\t<a href=\"https:\/\/www.investinluxembourg.be\/nl\/a-new-300m%c2%b2-business-centre-is-now-available-for-rent-in-arlon\/\" title=\"A new 300m\u00b2 business centre is now available for rent in Arlon\" rel=\"bookmark\">A new 300m\u00b2 business centre is now available for rent in Arlon<\/a>\n\t<\/h3>\n\n\t\n\t<div class=\"entry-excerpt\"><p>A new 300m\u00b2 business centre is now available for rent in Arlon.<\/p>\n<\/div>\n\t\n<a href=\"https:\/\/www.investinluxembourg.be\/nl\/a-new-300m%c2%b2-business-centre-is-now-available-for-rent-in-arlon\/\" class=\"dt-btn-s dt-btn post-details details-type-btn\" aria-label=\"Read more about A new 300m\u00b2 business centre is now available for rent in Arlon\">Meer informatie<i class=\"dt-icon-the7-arrow-03\" aria-hidden=\"true\"><\/i><\/a>\n\n<\/div><\/article><article class=\"post project-odd visible post-9666 type-post status-publish format-standard has-post-thumbnail hentry category-blog-nl category-1 description-off\" data-name=\"Wallonia US Gate, an exceptional opportunity for your company to succeed in Bastogne\" data-date=\"2024-03-26T17:14:23+01:00\">\n\n<div class=\"post-thumbnail-wrap\">\n\t<div class=\"post-thumbnail\">\n\n\t\t\n\t\t\n\t\t<a href=\"https:\/\/www.investinluxembourg.be\/nl\/wallonia-us-gate-an-exceptional-opportunity-for-your-company-to-succeed-in-bastogne\/\" class=\"post-thumbnail-rollover layzr-bg layzr-bg\" ><img decoding=\"async\" class=\"blog-thumb-lazy-load preload-me lazy-load aspect\" src=\"data:image\/svg+xml,%3Csvg%20xmlns%3D&#39;http%3A%2F%2Fwww.w3.org%2F2000%2Fsvg&#39;%20viewBox%3D&#39;0%200%20768%20576&#39;%2F%3E\" data-src=\"https:\/\/www.investinluxembourg.be\/wp-content\/uploads\/2024\/02\/DSC00857-768x576.jpg\" data-srcset=\"https:\/\/www.investinluxembourg.be\/wp-content\/uploads\/2024\/02\/DSC00857-768x576.jpg 768w, https:\/\/www.investinluxembourg.be\/wp-content\/uploads\/2024\/02\/DSC00857-1097x823.jpg 1097w\" loading=\"eager\" style=\"--ratio: 768 \/ 576\" sizes=\"(max-width: 768px) 100vw, 768px\" alt=\"\" title=\"DSC00857\" width=\"768\" height=\"576\"  \/><\/a>\n\t<\/div>\n<\/div>\n\n\n<div class=\"post-entry-content\">\n\n\t<h3 class=\"entry-title\">\n\t\t<a href=\"https:\/\/www.investinluxembourg.be\/nl\/wallonia-us-gate-an-exceptional-opportunity-for-your-company-to-succeed-in-bastogne\/\" title=\"Wallonia US Gate, an exceptional opportunity for your company to succeed in Bastogne\" rel=\"bookmark\">Wallonia US Gate, an exceptional opportunity for your company to succeed in Bastogne<\/a>\n\t<\/h3>\n\n\t\n\t<div class=\"entry-excerpt\"><p>Nestled in the heart of the former Sous-Lieutenant Heintz barracks, in the very centre of Bastogne, Wallonia&hellip;<\/p>\n<\/div>\n\t\n<a href=\"https:\/\/www.investinluxembourg.be\/nl\/wallonia-us-gate-an-exceptional-opportunity-for-your-company-to-succeed-in-bastogne\/\" class=\"dt-btn-s dt-btn post-details details-type-btn\" aria-label=\"Read more about Wallonia US Gate, an exceptional opportunity for your company to succeed in Bastogne\">Meer informatie<i class=\"dt-icon-the7-arrow-03\" aria-hidden=\"true\"><\/i><\/a>\n\n<\/div><\/article><article class=\"post project-odd visible post-6614 type-post status-publish format-standard has-post-thumbnail hentry category-blog-nl tag-agroalimentaire-nl tag-ardennes-logistics-nl tag-entreprises-nl tag-galaxia-nl tag-implantation-nl tag-invest-nl tag-investir-nl tag-luxembourg-belge-nl tag-novalis-science-park-nl tag-pole-ardenne-bois-nl tag-province-de-luxembourg-nl tag-region-wallonne-nl tag-secteurs-prioritaires-nl category-1 description-off\" data-name=\"Succes boeken in Belgisch Luxemburg met IDELUX!\" data-date=\"2022-11-17T15:52:17+01:00\">\n\n<div class=\"post-thumbnail-wrap\">\n\t<div class=\"post-thumbnail\">\n\n\t\t\n\t\t\n\t\t<a href=\"https:\/\/www.investinluxembourg.be\/nl\/succes-boeken-in-belgisch-luxemburg-met-idelux\/\" class=\"post-thumbnail-rollover layzr-bg layzr-bg\" ><img decoding=\"async\" class=\"blog-thumb-lazy-load preload-me lazy-load aspect\" src=\"data:image\/svg+xml,%3Csvg%20xmlns%3D&#39;http%3A%2F%2Fwww.w3.org%2F2000%2Fsvg&#39;%20viewBox%3D&#39;0%200%20768%20576&#39;%2F%3E\" data-src=\"https:\/\/www.investinluxembourg.be\/wp-content\/uploads\/2023\/07\/Invest-in-Luxembourg-1-768x576.jpg\" data-srcset=\"https:\/\/www.investinluxembourg.be\/wp-content\/uploads\/2023\/07\/Invest-in-Luxembourg-1-768x576.jpg 768w, https:\/\/www.investinluxembourg.be\/wp-content\/uploads\/2023\/07\/Invest-in-Luxembourg-1-1108x831.jpg 1108w\" loading=\"eager\" style=\"--ratio: 768 \/ 576\" sizes=\"(max-width: 768px) 100vw, 768px\" alt=\"\" title=\"Succes boeken in Belgisch Luxemburg met IDELUX!\" width=\"768\" height=\"576\"  \/><\/a>\n\t<\/div>\n<\/div>\n\n\n<div class=\"post-entry-content\">\n\n\t<h3 class=\"entry-title\">\n\t\t<a href=\"https:\/\/www.investinluxembourg.be\/nl\/succes-boeken-in-belgisch-luxemburg-met-idelux\/\" title=\"Succes boeken in Belgisch Luxemburg met IDELUX!\" rel=\"bookmark\">Succes boeken in Belgisch Luxemburg met IDELUX!<\/a>\n\t<\/h3>\n\n\t\n\t<div class=\"entry-excerpt\"><p>Welkom in de provincie Luxemburg! Belgisch Luxemburg is zeer begeerd bij de grootste bedrijven. De provincie is&hellip;<\/p>\n<\/div>\n\t\n<a href=\"https:\/\/www.investinluxembourg.be\/nl\/succes-boeken-in-belgisch-luxemburg-met-idelux\/\" class=\"dt-btn-s dt-btn post-details details-type-btn\" aria-label=\"Read more about Succes boeken in Belgisch Luxemburg met IDELUX!\">Meer informatie<i class=\"dt-icon-the7-arrow-03\" aria-hidden=\"true\"><\/i><\/a>\n\n<\/div><\/article><article class=\"post project-odd visible post-9669 type-post status-publish format-standard has-post-thumbnail hentry category-blog-nl tag-invest-nl category-1 description-off\" data-name=\"Why should you implant your company in the Belgian Luxembourg ?\" data-date=\"2022-11-09T15:53:00+01:00\">\n\n<div class=\"post-thumbnail-wrap\">\n\t<div class=\"post-thumbnail\">\n\n\t\t\n\t\t\n\t\t<a href=\"https:\/\/www.investinluxembourg.be\/nl\/why-should-you-implant-your-company-in-the-belgian-luxembourg\/\" class=\"post-thumbnail-rollover layzr-bg layzr-bg\" ><img decoding=\"async\" class=\"blog-thumb-lazy-load preload-me lazy-load aspect\" src=\"data:image\/svg+xml,%3Csvg%20xmlns%3D&#39;http%3A%2F%2Fwww.w3.org%2F2000%2Fsvg&#39;%20viewBox%3D&#39;0%200%20768%20576&#39;%2F%3E\" data-src=\"https:\/\/www.investinluxembourg.be\/wp-content\/uploads\/2023\/10\/23_AS_Euro-Locks_Visite_09-768x576.jpg\" data-srcset=\"https:\/\/www.investinluxembourg.be\/wp-content\/uploads\/2023\/10\/23_AS_Euro-Locks_Visite_09-768x576.jpg 768w, https:\/\/www.investinluxembourg.be\/wp-content\/uploads\/2023\/10\/23_AS_Euro-Locks_Visite_09-1306x979.jpg 1306w\" loading=\"eager\" style=\"--ratio: 768 \/ 576\" sizes=\"(max-width: 768px) 100vw, 768px\" alt=\"\" title=\"23_AS_Euro-Locks_Visite_09\" width=\"768\" height=\"576\"  \/><\/a>\n\t<\/div>\n<\/div>\n\n\n<div class=\"post-entry-content\">\n\n\t<h3 class=\"entry-title\">\n\t\t<a href=\"https:\/\/www.investinluxembourg.be\/nl\/why-should-you-implant-your-company-in-the-belgian-luxembourg\/\" title=\"Why should you implant your company in the Belgian Luxembourg ?\" rel=\"bookmark\">Why should you implant your company in the Belgian Luxembourg ?<\/a>\n\t<\/h3>\n\n\t\n\t<div class=\"entry-excerpt\"><p>Flemish companies chose to take root in Belgian Luxembourg. This part of the country has several assests&hellip;<\/p>\n<\/div>\n\t\n<a href=\"https:\/\/www.investinluxembourg.be\/nl\/why-should-you-implant-your-company-in-the-belgian-luxembourg\/\" class=\"dt-btn-s dt-btn post-details details-type-btn\" aria-label=\"Read more about Why should you implant your company in the Belgian Luxembourg ?\">Meer informatie<i class=\"dt-icon-the7-arrow-03\" aria-hidden=\"true\"><\/i><\/a>\n\n<\/div><\/article><article class=\"post project-odd visible post-6618 type-post status-publish format-standard has-post-thumbnail hentry category-blog-nl tag-guichet-unique tag-implantation tag-investir tag-luxembourg-belge tag-province-de-luxembourg category-1 description-off\" data-name=\"25 BEDRIJVEN KIEZEN VOOR EEN VESTIGING IN DE PROVINCIE LUXEMBURG\" data-date=\"2022-05-09T15:38:19+02:00\">\n\n<div class=\"post-thumbnail-wrap\">\n\t<div class=\"post-thumbnail\">\n\n\t\t\n\t\t\n\t\t<a href=\"https:\/\/www.investinluxembourg.be\/nl\/25-bedrijven-kiezen-voor-een-vestiging-in-de-provincie-luxemburg\/\" class=\"post-thumbnail-rollover layzr-bg layzr-bg\" ><img decoding=\"async\" class=\"blog-thumb-lazy-load preload-me lazy-load aspect\" src=\"data:image\/svg+xml,%3Csvg%20xmlns%3D&#39;http%3A%2F%2Fwww.w3.org%2F2000%2Fsvg&#39;%20viewBox%3D&#39;0%200%20768%20576&#39;%2F%3E\" data-src=\"https:\/\/www.investinluxembourg.be\/wp-content\/uploads\/2023\/07\/DSC00535-1-scaled-768x576.jpg\" data-srcset=\"https:\/\/www.investinluxembourg.be\/wp-content\/uploads\/2023\/07\/DSC00535-1-scaled-768x576.jpg 768w, https:\/\/www.investinluxembourg.be\/wp-content\/uploads\/2023\/07\/DSC00535-1-scaled-1306x979.jpg 1306w\" loading=\"eager\" style=\"--ratio: 768 \/ 576\" sizes=\"(max-width: 768px) 100vw, 768px\" alt=\"\" title=\"25 BEDRIJVEN KIEZEN VOOR EEN VESTIGING IN DE PROVINCIE LUXEMBURG\" width=\"768\" height=\"576\"  \/><\/a>\n\t<\/div>\n<\/div>\n\n\n<div class=\"post-entry-content\">\n\n\t<h3 class=\"entry-title\">\n\t\t<a href=\"https:\/\/www.investinluxembourg.be\/nl\/25-bedrijven-kiezen-voor-een-vestiging-in-de-provincie-luxemburg\/\" title=\"25 BEDRIJVEN KIEZEN VOOR EEN VESTIGING IN DE PROVINCIE LUXEMBURG\" rel=\"bookmark\">25 BEDRIJVEN KIEZEN VOOR EEN VESTIGING IN DE PROVINCIE LUXEMBURG<\/a>\n\t<\/h3>\n\n\t\n\t<div class=\"entry-excerpt\"><p>25 bedrijven in hun vastgoed ge\u00efnvesteerd in een van de 53 bedrijvenparken van IDELUX D\u00e9veloppement verspreid over&hellip;<\/p>\n<\/div>\n\t\n<a href=\"https:\/\/www.investinluxembourg.be\/nl\/25-bedrijven-kiezen-voor-een-vestiging-in-de-provincie-luxemburg\/\" class=\"dt-btn-s dt-btn post-details details-type-btn\" aria-label=\"Read more about 25 BEDRIJVEN KIEZEN VOOR EEN VESTIGING IN DE PROVINCIE LUXEMBURG\">Meer informatie<i class=\"dt-icon-the7-arrow-03\" aria-hidden=\"true\"><\/i><\/a>\n\n<\/div><\/article><article class=\"post project-odd hidden post-6620 type-post status-publish format-standard has-post-thumbnail hentry category-blog-nl tag-business-park-nl tag-entreprises-nl tag-implantation-nl tag-invest-nl tag-investir-nl tag-luxembourg-belge-nl tag-province-de-luxembourg-nl tag-region-wallonne-nl tag-wallonie-nl category-1 description-off\" data-name=\"IDELUX promoot de regio omdat welvaart en prospectie er hand in hand gaan\" data-date=\"2022-01-17T15:45:34+01:00\">\n\n<div class=\"post-thumbnail-wrap\">\n\t<div class=\"post-thumbnail\">\n\n\t\t\n\t\t\n\t\t<a href=\"https:\/\/www.investinluxembourg.be\/nl\/idelux-promoot-de-regio-omdat-welvaart-en-prospectie-er-hand-in-hand-gaan\/\" class=\"post-thumbnail-rollover layzr-bg layzr-bg\" ><img decoding=\"async\" class=\"blog-thumb-lazy-load preload-me lazy-load aspect\" src=\"data:image\/svg+xml,%3Csvg%20xmlns%3D&#39;http%3A%2F%2Fwww.w3.org%2F2000%2Fsvg&#39;%20viewBox%3D&#39;0%200%20768%20576&#39;%2F%3E\" data-src=\"https:\/\/www.investinluxembourg.be\/wp-content\/uploads\/2023\/07\/Anvers-Transport-Logistics-scaled-768x576.jpg\" data-srcset=\"https:\/\/www.investinluxembourg.be\/wp-content\/uploads\/2023\/07\/Anvers-Transport-Logistics-scaled-768x576.jpg 768w, https:\/\/www.investinluxembourg.be\/wp-content\/uploads\/2023\/07\/Anvers-Transport-Logistics-scaled-1306x979.jpg 1306w\" loading=\"eager\" style=\"--ratio: 768 \/ 576\" sizes=\"(max-width: 768px) 100vw, 768px\" alt=\"\" title=\"IDELUX promoot de regio omdat welvaart en prospectie er hand in hand gaan\" width=\"768\" height=\"576\"  \/><\/a>\n\t<\/div>\n<\/div>\n\n\n<div class=\"post-entry-content\">\n\n\t<h3 class=\"entry-title\">\n\t\t<a href=\"https:\/\/www.investinluxembourg.be\/nl\/idelux-promoot-de-regio-omdat-welvaart-en-prospectie-er-hand-in-hand-gaan\/\" title=\"IDELUX promoot de regio omdat welvaart en prospectie er hand in hand gaan\" rel=\"bookmark\">IDELUX promoot de regio omdat welvaart en prospectie er hand in hand gaan<\/a>\n\t<\/h3>\n\n\t\n\t<div class=\"entry-excerpt\"><p>Bijdragen tot het welzijn van de Luxemburgse bevolking betekent ook hen toegang bieden tot goede banen in&hellip;<\/p>\n<\/div>\n\t\n<a href=\"https:\/\/www.investinluxembourg.be\/nl\/idelux-promoot-de-regio-omdat-welvaart-en-prospectie-er-hand-in-hand-gaan\/\" class=\"dt-btn-s dt-btn post-details details-type-btn\" aria-label=\"Read more about IDELUX promoot de regio omdat welvaart en prospectie er hand in hand gaan\">Meer informatie<i class=\"dt-icon-the7-arrow-03\" aria-hidden=\"true\"><\/i><\/a>\n\n<\/div><\/article><article class=\"post project-odd hidden post-6622 type-post status-publish format-standard has-post-thumbnail hentry category-blog-nl tag-business-park-nl tag-entreprises-nl tag-implantation-nl tag-invest-nl tag-investir-nl tag-luxembourg-belge-nl tag-province-de-luxembourg-nl tag-region-wallonne-nl tag-wallonie-nl category-1 description-off\" data-name=\"Businesses are spoiled for choice in the Haute Lesse region!\" data-date=\"2022-01-10T08:48:45+01:00\">\n\n<div class=\"post-thumbnail-wrap\">\n\t<div class=\"post-thumbnail\">\n\n\t\t\n\t\t\n\t\t<a href=\"https:\/\/www.investinluxembourg.be\/nl\/businesses-are-spoiled-for-choice-in-the-haute-lesse-region\/\" class=\"post-thumbnail-rollover layzr-bg layzr-bg\" ><img decoding=\"async\" class=\"blog-thumb-lazy-load preload-me lazy-load aspect\" src=\"data:image\/svg+xml,%3Csvg%20xmlns%3D&#39;http%3A%2F%2Fwww.w3.org%2F2000%2Fsvg&#39;%20viewBox%3D&#39;0%200%20768%20576&#39;%2F%3E\" data-src=\"https:\/\/www.investinluxembourg.be\/wp-content\/uploads\/2023\/07\/14_KM_Libin_Pierret-10-1-scaled-768x576.jpg\" data-srcset=\"https:\/\/www.investinluxembourg.be\/wp-content\/uploads\/2023\/07\/14_KM_Libin_Pierret-10-1-scaled-768x576.jpg 768w, https:\/\/www.investinluxembourg.be\/wp-content\/uploads\/2023\/07\/14_KM_Libin_Pierret-10-1-scaled-1306x979.jpg 1306w\" loading=\"eager\" style=\"--ratio: 768 \/ 576\" sizes=\"(max-width: 768px) 100vw, 768px\" alt=\"\" title=\"Businesses are spoiled for choice in the Haute Lesse region!\" width=\"768\" height=\"576\"  \/><\/a>\n\t<\/div>\n<\/div>\n\n\n<div class=\"post-entry-content\">\n\n\t<h3 class=\"entry-title\">\n\t\t<a href=\"https:\/\/www.investinluxembourg.be\/nl\/businesses-are-spoiled-for-choice-in-the-haute-lesse-region\/\" title=\"Businesses are spoiled for choice in the Haute Lesse region!\" rel=\"bookmark\">Businesses are spoiled for choice in the Haute Lesse region!<\/a>\n\t<\/h3>\n\n\t\n\t<div class=\"entry-excerpt\"><p>Daverdisse, Libin, Tellin and Wellin, four municipalities have joined forces to provide the best possible support to&hellip;<\/p>\n<\/div>\n\t\n<a href=\"https:\/\/www.investinluxembourg.be\/nl\/businesses-are-spoiled-for-choice-in-the-haute-lesse-region\/\" class=\"dt-btn-s dt-btn post-details details-type-btn\" aria-label=\"Read more about Businesses are spoiled for choice in the Haute Lesse region!\">Meer informatie<i class=\"dt-icon-the7-arrow-03\" aria-hidden=\"true\"><\/i><\/a>\n\n<\/div><\/article><article class=\"post project-odd hidden post-6624 type-post status-publish format-standard has-post-thumbnail hentry category-blog-nl tag-guichet-unique tag-implantation tag-invest tag-investir-nl tag-investir tag-luxembourg-belge tag-province-de-luxembourg tag-province-de-luxembourg-nl tag-region-wallonne-nl tag-region-wallonne tag-wallonie tag-wallonie-nl category-1 description-off\" data-name=\"Succesverhaal made in Belgisch Luxemburg: duik in de wereld van Lupulus, de brouwerij voor \u00e9chte bierliefhebbers!\" data-date=\"2021-12-20T09:47:34+01:00\">\n\n<div class=\"post-thumbnail-wrap\">\n\t<div class=\"post-thumbnail\">\n\n\t\t\n\t\t\n\t\t<a href=\"https:\/\/www.investinluxembourg.be\/nl\/succesverhaal-made-in-belgisch-luxemburg-duik-in-de-wereld-van-lupulus-de-brouwerij-voor-echte-bierliefhebbers\/\" class=\"post-thumbnail-rollover layzr-bg layzr-bg\" ><img decoding=\"async\" class=\"blog-thumb-lazy-load preload-me lazy-load aspect\" src=\"data:image\/svg+xml,%3Csvg%20xmlns%3D&#39;http%3A%2F%2Fwww.w3.org%2F2000%2Fsvg&#39;%20viewBox%3D&#39;0%200%20768%20576&#39;%2F%3E\" data-src=\"https:\/\/www.investinluxembourg.be\/wp-content\/uploads\/2023\/07\/image9-768x576.jpeg\" data-srcset=\"https:\/\/www.investinluxembourg.be\/wp-content\/uploads\/2023\/07\/image9-768x576.jpeg 768w, https:\/\/www.investinluxembourg.be\/wp-content\/uploads\/2023\/07\/image9-1306x979.jpeg 1306w\" loading=\"eager\" style=\"--ratio: 768 \/ 576\" sizes=\"(max-width: 768px) 100vw, 768px\" alt=\"\" title=\"Succesverhaal made in Belgisch Luxemburg: duik in de wereld van Lupulus\" width=\"768\" height=\"576\"  \/><\/a>\n\t<\/div>\n<\/div>\n\n\n<div class=\"post-entry-content\">\n\n\t<h3 class=\"entry-title\">\n\t\t<a href=\"https:\/\/www.investinluxembourg.be\/nl\/succesverhaal-made-in-belgisch-luxemburg-duik-in-de-wereld-van-lupulus-de-brouwerij-voor-echte-bierliefhebbers\/\" title=\"Succesverhaal made in Belgisch Luxemburg: duik in de wereld van Lupulus, de brouwerij voor \u00e9chte bierliefhebbers!\" rel=\"bookmark\">Succesverhaal made in Belgisch Luxemburg: duik in de wereld van Lupulus, de brouwerij voor \u00e9chte bierliefhebbers!<\/a>\n\t<\/h3>\n\n\t\n\t<div class=\"entry-excerpt\"><p>Lupulus is een Belgisch familiebedrijf dat zich richt op het brouwen van bier. De brouwerij is gevestigd&hellip;<\/p>\n<\/div>\n\t\n<a href=\"https:\/\/www.investinluxembourg.be\/nl\/succesverhaal-made-in-belgisch-luxemburg-duik-in-de-wereld-van-lupulus-de-brouwerij-voor-echte-bierliefhebbers\/\" class=\"dt-btn-s dt-btn post-details details-type-btn\" aria-label=\"Read more about Succesverhaal made in Belgisch Luxemburg: duik in de wereld van Lupulus, de brouwerij voor \u00e9chte bierliefhebbers!\">Meer informatie<i class=\"dt-icon-the7-arrow-03\" aria-hidden=\"true\"><\/i><\/a>\n\n<\/div><\/article><article class=\"post project-odd hidden post-6626 type-post status-publish format-standard has-post-thumbnail hentry category-blog-nl tag-business-park-nl tag-entreprises-nl tag-implantation-nl tag-invest-nl tag-investir-nl tag-luxembourg-belge-nl tag-province-de-luxembourg-nl tag-region-wallonne-nl tag-wallonie-nl category-1 description-off\" data-name=\"Chiny: a new business park available soon\" data-date=\"2021-11-23T16:24:24+01:00\">\n\n<div class=\"post-thumbnail-wrap\">\n\t<div class=\"post-thumbnail\">\n\n\t\t\n\t\t\n\t\t<a href=\"https:\/\/www.investinluxembourg.be\/nl\/chiny-a-new-business-park-available-soon\/\" class=\"post-thumbnail-rollover layzr-bg layzr-bg\" ><img decoding=\"async\" class=\"blog-thumb-lazy-load preload-me lazy-load aspect\" src=\"data:image\/svg+xml,%3Csvg%20xmlns%3D&#39;http%3A%2F%2Fwww.w3.org%2F2000%2Fsvg&#39;%20viewBox%3D&#39;0%200%20768%20576&#39;%2F%3E\" data-src=\"https:\/\/www.investinluxembourg.be\/wp-content\/uploads\/2023\/07\/5-Plan-masse-scaled-768x576.jpg\" data-srcset=\"https:\/\/www.investinluxembourg.be\/wp-content\/uploads\/2023\/07\/5-Plan-masse-scaled-768x576.jpg 768w, https:\/\/www.investinluxembourg.be\/wp-content\/uploads\/2023\/07\/5-Plan-masse-scaled-1306x979.jpg 1306w\" loading=\"eager\" style=\"--ratio: 768 \/ 576\" sizes=\"(max-width: 768px) 100vw, 768px\" alt=\"\" title=\"Chiny: a new business park available soon\" width=\"768\" height=\"576\"  \/><\/a>\n\t<\/div>\n<\/div>\n\n\n<div class=\"post-entry-content\">\n\n\t<h3 class=\"entry-title\">\n\t\t<a href=\"https:\/\/www.investinluxembourg.be\/nl\/chiny-a-new-business-park-available-soon\/\" title=\"Chiny: a new business park available soon\" rel=\"bookmark\">Chiny: a new business park available soon<\/a>\n\t<\/h3>\n\n\t\n\t<div class=\"entry-excerpt\"><p>Located next to the Jamoigne exit on the Florenville-bound N83, this 3.5 hectare park is designed to&hellip;<\/p>\n<\/div>\n\t\n<a href=\"https:\/\/www.investinluxembourg.be\/nl\/chiny-a-new-business-park-available-soon\/\" class=\"dt-btn-s dt-btn post-details details-type-btn\" aria-label=\"Read more about Chiny: a new business park available soon\">Meer informatie<i class=\"dt-icon-the7-arrow-03\" aria-hidden=\"true\"><\/i><\/a>\n\n<\/div><\/article><article class=\"post project-odd hidden post-6629 type-post status-publish format-standard has-post-thumbnail hentry category-blog-nl tag-guichet-unique-nl tag-implantation-nl tag-invest-nl tag-investir-nl tag-logistique-nl tag-luxembourg-belge-nl tag-province-de-luxembourg-nl tag-region-wallonne-nl tag-wallonie-nl category-1 description-off\" data-name=\"A &#8216;Made in Belgian Luxembourg&#8217; success story : Ets Guy Magermans et Co !\" data-date=\"2021-08-27T13:50:31+02:00\">\n\n<div class=\"post-thumbnail-wrap\">\n\t<div class=\"post-thumbnail\">\n\n\t\t\n\t\t\n\t\t<a href=\"https:\/\/www.investinluxembourg.be\/nl\/a-made-in-belgian-luxembourg-success-story-ets-guy-magermans-et-co\/\" class=\"post-thumbnail-rollover layzr-bg layzr-bg\" ><img decoding=\"async\" class=\"blog-thumb-lazy-load preload-me lazy-load aspect\" src=\"data:image\/svg+xml,%3Csvg%20xmlns%3D&#39;http%3A%2F%2Fwww.w3.org%2F2000%2Fsvg&#39;%20viewBox%3D&#39;0%200%20708%20531&#39;%2F%3E\" data-src=\"https:\/\/www.investinluxembourg.be\/wp-content\/uploads\/2023\/07\/Magermans-2-708x531.jpg\" data-srcset=\"https:\/\/www.investinluxembourg.be\/wp-content\/uploads\/2023\/07\/Magermans-2-708x531.jpg 708w\" loading=\"eager\" style=\"--ratio: 708 \/ 531\" sizes=\"(max-width: 708px) 100vw, 708px\" alt=\"\" title=\"A &#8216;Made in Belgian Luxembourg&#8217; success story : Ets Guy Magermans et Co !\" width=\"708\" height=\"531\"  \/><\/a>\n\t<\/div>\n<\/div>\n\n\n<div class=\"post-entry-content\">\n\n\t<h3 class=\"entry-title\">\n\t\t<a href=\"https:\/\/www.investinluxembourg.be\/nl\/a-made-in-belgian-luxembourg-success-story-ets-guy-magermans-et-co\/\" title=\"A &#8216;Made in Belgian Luxembourg&#8217; success story : Ets Guy Magermans et Co !\" rel=\"bookmark\">A &#8216;Made in Belgian Luxembourg&#8217; success story : Ets Guy Magermans et Co !<\/a>\n\t<\/h3>\n\n\t\n\t<div class=\"entry-excerpt\"><p>For 75 years and across 4 generations, Ets Guy Magermans et Co has been offering transport, storage,&hellip;<\/p>\n<\/div>\n\t\n<a href=\"https:\/\/www.investinluxembourg.be\/nl\/a-made-in-belgian-luxembourg-success-story-ets-guy-magermans-et-co\/\" class=\"dt-btn-s dt-btn post-details details-type-btn\" aria-label=\"Read more about A &#8216;Made in Belgian Luxembourg&#8217; success story : Ets Guy Magermans et Co !\">Meer informatie<i class=\"dt-icon-the7-arrow-03\" aria-hidden=\"true\"><\/i><\/a>\n\n<\/div><\/article><article class=\"post project-odd hidden post-6631 type-post status-publish format-standard has-post-thumbnail hentry category-blog-nl tag-business-park-nl tag-entreprises-nl tag-implantation-nl tag-invest-nl tag-investir-nl tag-luxembourg-belge-nl tag-province-de-luxembourg-nl tag-region-wallonne-nl tag-wallonie-nl category-1 description-off\" data-name=\"Hotton unveils its new business park\" data-date=\"2021-07-19T12:06:48+02:00\">\n\n<div class=\"post-thumbnail-wrap\">\n\t<div class=\"post-thumbnail\">\n\n\t\t\n\t\t\n\t\t<a href=\"https:\/\/www.investinluxembourg.be\/nl\/hotton-unveils-its-new-business-park\/\" class=\"post-thumbnail-rollover layzr-bg layzr-bg\" ><img decoding=\"async\" class=\"blog-thumb-lazy-load preload-me lazy-load aspect\" src=\"data:image\/svg+xml,%3Csvg%20xmlns%3D&#39;http%3A%2F%2Fwww.w3.org%2F2000%2Fsvg&#39;%20viewBox%3D&#39;0%200%20768%20576&#39;%2F%3E\" data-src=\"https:\/\/www.investinluxembourg.be\/wp-content\/uploads\/2023\/07\/DSC00535-scaled-768x576.jpg\" data-srcset=\"https:\/\/www.investinluxembourg.be\/wp-content\/uploads\/2023\/07\/DSC00535-scaled-768x576.jpg 768w, https:\/\/www.investinluxembourg.be\/wp-content\/uploads\/2023\/07\/DSC00535-scaled-1306x979.jpg 1306w\" loading=\"eager\" style=\"--ratio: 768 \/ 576\" sizes=\"(max-width: 768px) 100vw, 768px\" alt=\"\" title=\"Hotton unveils its new business park\" width=\"768\" height=\"576\"  \/><\/a>\n\t<\/div>\n<\/div>\n\n\n<div class=\"post-entry-content\">\n\n\t<h3 class=\"entry-title\">\n\t\t<a href=\"https:\/\/www.investinluxembourg.be\/nl\/hotton-unveils-its-new-business-park\/\" title=\"Hotton unveils its new business park\" rel=\"bookmark\">Hotton unveils its new business park<\/a>\n\t<\/h3>\n\n\t\n\t<div class=\"entry-excerpt\"><p>The new business park in Bourdon offers 13 hectares, available to house around 25 businesses, thus responding&hellip;<\/p>\n<\/div>\n\t\n<a href=\"https:\/\/www.investinluxembourg.be\/nl\/hotton-unveils-its-new-business-park\/\" class=\"dt-btn-s dt-btn post-details details-type-btn\" aria-label=\"Read more about Hotton unveils its new business park\">Meer informatie<i class=\"dt-icon-the7-arrow-03\" aria-hidden=\"true\"><\/i><\/a>\n\n<\/div><\/article><article class=\"post project-odd hidden post-6633 type-post status-publish format-standard has-post-thumbnail hentry category-blog-nl tag-business-park-nl tag-entreprises-nl tag-implantation-nl tag-invest-nl tag-investir-nl tag-luxembourg-belge-nl tag-province-de-luxembourg-nl tag-region-wallonne-nl tag-wallonie-nl category-1 description-off\" data-name=\"The Bastogne 1 business park is expanding\" data-date=\"2021-07-15T11:49:46+02:00\">\n\n<div class=\"post-thumbnail-wrap\">\n\t<div class=\"post-thumbnail\">\n\n\t\t\n\t\t\n\t\t<a href=\"https:\/\/www.investinluxembourg.be\/nl\/the-bastogne-1-business-park-is-expanding\/\" class=\"post-thumbnail-rollover layzr-bg layzr-bg\" ><img decoding=\"async\" class=\"blog-thumb-lazy-load preload-me lazy-load aspect\" src=\"data:image\/svg+xml,%3Csvg%20xmlns%3D&#39;http%3A%2F%2Fwww.w3.org%2F2000%2Fsvg&#39;%20viewBox%3D&#39;0%200%20768%20576&#39;%2F%3E\" data-src=\"https:\/\/www.investinluxembourg.be\/wp-content\/uploads\/2023\/07\/DSC06888-768x576.jpg\" data-srcset=\"https:\/\/www.investinluxembourg.be\/wp-content\/uploads\/2023\/07\/DSC06888-768x576.jpg 768w, https:\/\/www.investinluxembourg.be\/wp-content\/uploads\/2023\/07\/DSC06888-1306x979.jpg 1306w\" loading=\"eager\" style=\"--ratio: 768 \/ 576\" sizes=\"(max-width: 768px) 100vw, 768px\" alt=\"\" title=\"The Bastogne 1 business park is expanding\" width=\"768\" height=\"576\"  \/><\/a>\n\t<\/div>\n<\/div>\n\n\n<div class=\"post-entry-content\">\n\n\t<h3 class=\"entry-title\">\n\t\t<a href=\"https:\/\/www.investinluxembourg.be\/nl\/the-bastogne-1-business-park-is-expanding\/\" title=\"The Bastogne 1 business park is expanding\" rel=\"bookmark\">The Bastogne 1 business park is expanding<\/a>\n\t<\/h3>\n\n\t\n\t<div class=\"entry-excerpt\"><p>26 more hectares are now available at the Bastogne 1 business park to accommodate new companies and&hellip;<\/p>\n<\/div>\n\t\n<a href=\"https:\/\/www.investinluxembourg.be\/nl\/the-bastogne-1-business-park-is-expanding\/\" class=\"dt-btn-s dt-btn post-details details-type-btn\" aria-label=\"Read more about The Bastogne 1 business park is expanding\">Meer informatie<i class=\"dt-icon-the7-arrow-03\" aria-hidden=\"true\"><\/i><\/a>\n\n<\/div><\/article><article class=\"post project-odd hidden post-6635 type-post status-publish format-standard has-post-thumbnail hentry category-blog-nl tag-entreprises-nl tag-implantation-nl tag-invest-nl tag-investir-nl tag-luxembourg-belge-nl tag-novalis-science-park-nl tag-province-de-luxembourg-nl tag-region-wallonne-nl tag-sciences-du-vivant-nl tag-wallonie-nl category-1 description-off\" data-name=\"A biotech incubator coming soon to the Novalis Science Park\" data-date=\"2021-06-21T13:31:00+02:00\">\n\n<div class=\"post-thumbnail-wrap\">\n\t<div class=\"post-thumbnail\">\n\n\t\t\n\t\t\n\t\t<a href=\"https:\/\/www.investinluxembourg.be\/nl\/a-biotech-incubator-coming-soon-to-the-novalis-science-park\/\" class=\"post-thumbnail-rollover layzr-bg layzr-bg\" ><img decoding=\"async\" class=\"blog-thumb-lazy-load preload-me lazy-load aspect\" src=\"data:image\/svg+xml,%3Csvg%20xmlns%3D&#39;http%3A%2F%2Fwww.w3.org%2F2000%2Fsvg&#39;%20viewBox%3D&#39;0%200%20681%20511&#39;%2F%3E\" data-src=\"https:\/\/www.investinluxembourg.be\/wp-content\/uploads\/2023\/07\/Novalis-Boostup-center-681x511.jpg\" data-srcset=\"https:\/\/www.investinluxembourg.be\/wp-content\/uploads\/2023\/07\/Novalis-Boostup-center-681x511.jpg 681w\" loading=\"eager\" style=\"--ratio: 681 \/ 511\" sizes=\"(max-width: 681px) 100vw, 681px\" alt=\"\" title=\"A biotech incubator coming soon to the Novalis Science Park\" width=\"681\" height=\"511\"  \/><\/a>\n\t<\/div>\n<\/div>\n\n\n<div class=\"post-entry-content\">\n\n\t<h3 class=\"entry-title\">\n\t\t<a href=\"https:\/\/www.investinluxembourg.be\/nl\/a-biotech-incubator-coming-soon-to-the-novalis-science-park\/\" title=\"A biotech incubator coming soon to the Novalis Science Park\" rel=\"bookmark\">A biotech incubator coming soon to the Novalis Science Park<\/a>\n\t<\/h3>\n\n\t\n\t<div class=\"entry-excerpt\"><p>At the Novalis Science Park (Marche-en-Famenne), construction has just begun on a new modular incubator, which will&hellip;<\/p>\n<\/div>\n\t\n<a href=\"https:\/\/www.investinluxembourg.be\/nl\/a-biotech-incubator-coming-soon-to-the-novalis-science-park\/\" class=\"dt-btn-s dt-btn post-details details-type-btn\" aria-label=\"Read more about A biotech incubator coming soon to the Novalis Science Park\">Meer informatie<i class=\"dt-icon-the7-arrow-03\" aria-hidden=\"true\"><\/i><\/a>\n\n<\/div><\/article><article class=\"post project-odd hidden post-6637 type-post status-publish format-standard has-post-thumbnail hentry category-blog-nl tag-guichet-unique-nl tag-implantation-nl tag-invest-nl tag-investir-nl tag-luxembourg-belge-nl tag-province-de-luxembourg-nl tag-region-wallonne-nl tag-wallonie-nl category-1 description-off\" data-name=\"A Made in Belgian Luxembourg success story: Interblocs continues to expand in Luxembourg province!\" data-date=\"2021-06-14T13:48:00+02:00\">\n\n<div class=\"post-thumbnail-wrap\">\n\t<div class=\"post-thumbnail\">\n\n\t\t\n\t\t\n\t\t<a href=\"https:\/\/www.investinluxembourg.be\/nl\/a-made-in-belgian-luxembourg-success-story-interblocs-continues-to-expand-in-luxembourg-province\/\" class=\"post-thumbnail-rollover layzr-bg layzr-bg\" ><img decoding=\"async\" class=\"blog-thumb-lazy-load preload-me lazy-load aspect\" src=\"data:image\/svg+xml,%3Csvg%20xmlns%3D&#39;http%3A%2F%2Fwww.w3.org%2F2000%2Fsvg&#39;%20viewBox%3D&#39;0%200%20768%20576&#39;%2F%3E\" data-src=\"https:\/\/www.investinluxembourg.be\/wp-content\/uploads\/2023\/07\/IMG_7098-scaled-768x576.jpg\" data-srcset=\"https:\/\/www.investinluxembourg.be\/wp-content\/uploads\/2023\/07\/IMG_7098-scaled-768x576.jpg 768w, https:\/\/www.investinluxembourg.be\/wp-content\/uploads\/2023\/07\/IMG_7098-scaled-1306x979.jpg 1306w\" loading=\"eager\" style=\"--ratio: 768 \/ 576\" sizes=\"(max-width: 768px) 100vw, 768px\" alt=\"\" title=\"A Made in Belgian Luxembourg success story: Interblocs continues to expand in Luxembourg province!\" width=\"768\" height=\"576\"  \/><\/a>\n\t<\/div>\n<\/div>\n\n\n<div class=\"post-entry-content\">\n\n\t<h3 class=\"entry-title\">\n\t\t<a href=\"https:\/\/www.investinluxembourg.be\/nl\/a-made-in-belgian-luxembourg-success-story-interblocs-continues-to-expand-in-luxembourg-province\/\" title=\"A Made in Belgian Luxembourg success story: Interblocs continues to expand in Luxembourg province!\" rel=\"bookmark\">A Made in Belgian Luxembourg success story: Interblocs continues to expand in Luxembourg province!<\/a>\n\t<\/h3>\n\n\t\n\t<div class=\"entry-excerpt\"><p>Founded in Libramont in 1978, Interblocs manufactures concrete elements for construction and exterior fittings. It is based&hellip;<\/p>\n<\/div>\n\t\n<a href=\"https:\/\/www.investinluxembourg.be\/nl\/a-made-in-belgian-luxembourg-success-story-interblocs-continues-to-expand-in-luxembourg-province\/\" class=\"dt-btn-s dt-btn post-details details-type-btn\" aria-label=\"Read more about A Made in Belgian Luxembourg success story: Interblocs continues to expand in Luxembourg province!\">Meer informatie<i class=\"dt-icon-the7-arrow-03\" aria-hidden=\"true\"><\/i><\/a>\n\n<\/div><\/article><article class=\"post project-odd hidden post-6641 type-post status-publish format-standard has-post-thumbnail hentry category-blog-nl tag-agroalimentaire-nl tag-guichet-unique-nl tag-implantation-nl tag-invest-nl tag-investir-nl tag-luxembourg-belge-nl tag-province-de-luxembourg-nl tag-region-wallonne-nl tag-wallonie-nl category-1 description-off\" data-name=\"A Made in Belgian Luxembourg success story: Aldi, operating in Belgian Luxembourg since 1995\" data-date=\"2021-05-31T14:57:00+02:00\">\n\n<div class=\"post-thumbnail-wrap\">\n\t<div class=\"post-thumbnail\">\n\n\t\t\n\t\t\n\t\t<a href=\"https:\/\/www.investinluxembourg.be\/nl\/a-made-in-belgian-luxembourg-success-story-aldi-operating-in-belgian-luxembourg-since-1995\/\" class=\"post-thumbnail-rollover layzr-bg layzr-bg\" ><img decoding=\"async\" class=\"blog-thumb-lazy-load preload-me lazy-load aspect\" src=\"data:image\/svg+xml,%3Csvg%20xmlns%3D&#39;http%3A%2F%2Fwww.w3.org%2F2000%2Fsvg&#39;%20viewBox%3D&#39;0%200%20768%20576&#39;%2F%3E\" data-src=\"https:\/\/www.investinluxembourg.be\/wp-content\/uploads\/2023\/07\/ALDI_Vaux-768x576.jpg\" data-srcset=\"https:\/\/www.investinluxembourg.be\/wp-content\/uploads\/2023\/07\/ALDI_Vaux-768x576.jpg 768w, https:\/\/www.investinluxembourg.be\/wp-content\/uploads\/2023\/07\/ALDI_Vaux-1148x861.jpg 1148w\" loading=\"eager\" style=\"--ratio: 768 \/ 576\" sizes=\"(max-width: 768px) 100vw, 768px\" alt=\"\" title=\"A Made in Belgian Luxembourg success story: Aldi\" width=\"768\" height=\"576\"  \/><\/a>\n\t<\/div>\n<\/div>\n\n\n<div class=\"post-entry-content\">\n\n\t<h3 class=\"entry-title\">\n\t\t<a href=\"https:\/\/www.investinluxembourg.be\/nl\/a-made-in-belgian-luxembourg-success-story-aldi-operating-in-belgian-luxembourg-since-1995\/\" title=\"A Made in Belgian Luxembourg success story: Aldi, operating in Belgian Luxembourg since 1995\" rel=\"bookmark\">A Made in Belgian Luxembourg success story: Aldi, operating in Belgian Luxembourg since 1995<\/a>\n\t<\/h3>\n\n\t\n\t<div class=\"entry-excerpt\"><p>ALDI Belgium is a large-scale distribution company that has been based at the Villeroux business park in&hellip;<\/p>\n<\/div>\n\t\n<a href=\"https:\/\/www.investinluxembourg.be\/nl\/a-made-in-belgian-luxembourg-success-story-aldi-operating-in-belgian-luxembourg-since-1995\/\" class=\"dt-btn-s dt-btn post-details details-type-btn\" aria-label=\"Read more about A Made in Belgian Luxembourg success story: Aldi, operating in Belgian Luxembourg since 1995\">Meer informatie<i class=\"dt-icon-the7-arrow-03\" aria-hidden=\"true\"><\/i><\/a>\n\n<\/div><\/article><article class=\"post project-odd hidden post-6642 type-post status-publish format-standard has-post-thumbnail hentry category-blog-nl tag-business-park-nl tag-implantation-nl tag-investir-nl tag-luxembourg-belge-nl tag-province-de-luxembourg-nl tag-region-wallonne-nl tag-se-faire-conseiller-nl tag-wallonie-nl category-1 description-off\" data-name=\"In 2020 vestigden 26 bedrijven zich in Belgisch Luxemburg\" data-date=\"2021-05-21T15:47:03+02:00\">\n\n<div class=\"post-thumbnail-wrap\">\n\t<div class=\"post-thumbnail\">\n\n\t\t\n\t\t\n\t\t<a href=\"https:\/\/www.investinluxembourg.be\/nl\/in-2020-vestigden-26-bedrijven-zich-in-belgisch-luxemburg\/\" class=\"post-thumbnail-rollover layzr-bg layzr-bg\" ><img decoding=\"async\" class=\"blog-thumb-lazy-load preload-me lazy-load aspect\" src=\"data:image\/svg+xml,%3Csvg%20xmlns%3D&#39;http%3A%2F%2Fwww.w3.org%2F2000%2Fsvg&#39;%20viewBox%3D&#39;0%200%20768%20576&#39;%2F%3E\" data-src=\"https:\/\/www.investinluxembourg.be\/wp-content\/uploads\/2023\/07\/DSC09216-768x576.jpg\" data-srcset=\"https:\/\/www.investinluxembourg.be\/wp-content\/uploads\/2023\/07\/DSC09216-768x576.jpg 768w, https:\/\/www.investinluxembourg.be\/wp-content\/uploads\/2023\/07\/DSC09216-1306x979.jpg 1306w\" loading=\"eager\" style=\"--ratio: 768 \/ 576\" sizes=\"(max-width: 768px) 100vw, 768px\" alt=\"\" title=\"In 2020 vestigden 26 bedrijven zich in Belgisch Luxemburg\" width=\"768\" height=\"576\"  \/><\/a>\n\t<\/div>\n<\/div>\n\n\n<div class=\"post-entry-content\">\n\n\t<h3 class=\"entry-title\">\n\t\t<a href=\"https:\/\/www.investinluxembourg.be\/nl\/in-2020-vestigden-26-bedrijven-zich-in-belgisch-luxemburg\/\" title=\"In 2020 vestigden 26 bedrijven zich in Belgisch Luxemburg\" rel=\"bookmark\">In 2020 vestigden 26 bedrijven zich in Belgisch Luxemburg<\/a>\n\t<\/h3>\n\n\t\n\t<div class=\"entry-excerpt\"><p>In 2020 besloten 26 bedrijven om te investeren in \u00e9\u00e9n van de 51 bedrijvenparken van IDELUX D\u00e9veloppement&hellip;<\/p>\n<\/div>\n\t\n<a href=\"https:\/\/www.investinluxembourg.be\/nl\/in-2020-vestigden-26-bedrijven-zich-in-belgisch-luxemburg\/\" class=\"dt-btn-s dt-btn post-details details-type-btn\" aria-label=\"Read more about In 2020 vestigden 26 bedrijven zich in Belgisch Luxemburg\">Meer informatie<i class=\"dt-icon-the7-arrow-03\" aria-hidden=\"true\"><\/i><\/a>\n\n<\/div><\/article><article class=\"post project-odd hidden post-6661 type-post status-publish format-standard has-post-thumbnail hentry category-blog-nl tag-guichet-unique-nl tag-guichet-unique tag-implantation-nl tag-implantation tag-invest-nl tag-invest tag-investir tag-investir-nl tag-logistique-nl tag-logistique tag-province-de-luxembourg tag-province-de-luxembourg-nl tag-region-wallonne-nl tag-region-wallonne tag-wallonie tag-wallonie-nl category-1 description-off\" data-name=\"Success story Made in Belgian Luxembourg : GLS Belgium Distribution investeerde in de Belgische provincie Luxemburg\" data-date=\"2021-02-01T10:54:58+01:00\">\n\n<div class=\"post-thumbnail-wrap\">\n\t<div class=\"post-thumbnail\">\n\n\t\t\n\t\t\n\t\t<a href=\"https:\/\/www.investinluxembourg.be\/nl\/success-story-made-in-belgian-luxembourg-gls-belgium-distribution-investeerde-in-de-belgische-provincie-luxemburg\/\" class=\"post-thumbnail-rollover layzr-bg layzr-bg\" ><img decoding=\"async\" class=\"blog-thumb-lazy-load preload-me lazy-load aspect\" src=\"data:image\/svg+xml,%3Csvg%20xmlns%3D&#39;http%3A%2F%2Fwww.w3.org%2F2000%2Fsvg&#39;%20viewBox%3D&#39;0%200%20768%20576&#39;%2F%3E\" data-src=\"https:\/\/www.investinluxembourg.be\/wp-content\/uploads\/2023\/07\/IMG_2017-V2-1-1-scaled-768x576.jpg\" data-srcset=\"https:\/\/www.investinluxembourg.be\/wp-content\/uploads\/2023\/07\/IMG_2017-V2-1-1-scaled-768x576.jpg 768w, https:\/\/www.investinluxembourg.be\/wp-content\/uploads\/2023\/07\/IMG_2017-V2-1-1-scaled-1306x979.jpg 1306w\" loading=\"eager\" style=\"--ratio: 768 \/ 576\" sizes=\"(max-width: 768px) 100vw, 768px\" alt=\"\" title=\"Success story Made in Belgian Luxembourg : GLS Belgium Distribution investeerde in de Belgische provincie Luxemburg\" width=\"768\" height=\"576\"  \/><\/a>\n\t<\/div>\n<\/div>\n\n\n<div class=\"post-entry-content\">\n\n\t<h3 class=\"entry-title\">\n\t\t<a href=\"https:\/\/www.investinluxembourg.be\/nl\/success-story-made-in-belgian-luxembourg-gls-belgium-distribution-investeerde-in-de-belgische-provincie-luxemburg\/\" title=\"Success story Made in Belgian Luxembourg : GLS Belgium Distribution investeerde in de Belgische provincie Luxemburg\" rel=\"bookmark\">Success story Made in Belgian Luxembourg : GLS Belgium Distribution investeerde in de Belgische provincie Luxemburg<\/a>\n\t<\/h3>\n\n\t\n\t<div class=\"entry-excerpt\"><p>Om op een gepaste manier te reageren op de sterke groei van het aantal pakketjes, blijft GSL&hellip;<\/p>\n<\/div>\n\t\n<a href=\"https:\/\/www.investinluxembourg.be\/nl\/success-story-made-in-belgian-luxembourg-gls-belgium-distribution-investeerde-in-de-belgische-provincie-luxemburg\/\" class=\"dt-btn-s dt-btn post-details details-type-btn\" aria-label=\"Read more about Success story Made in Belgian Luxembourg : GLS Belgium Distribution investeerde in de Belgische provincie Luxemburg\">Meer informatie<i class=\"dt-icon-the7-arrow-03\" aria-hidden=\"true\"><\/i><\/a>\n\n<\/div><\/article><article class=\"post project-odd hidden post-6666 type-post status-publish format-standard has-post-thumbnail hentry category-blog-nl tag-business-park-nl tag-entreprises-nl tag-guichet-unique-nl tag-implantation-nl tag-invest-nl tag-investir-nl tag-logistique-nl tag-luxembourg-belge-nl tag-province-de-luxembourg-nl tag-region-wallonne-nl tag-wallonie-nl category-1 description-off\" data-name=\"Success story made in Belgian Luxembourg: PIERRET breidt verder uit in de Belgische provincie Luxemburg\" data-date=\"2021-01-05T10:08:46+01:00\">\n\n<div class=\"post-thumbnail-wrap\">\n\t<div class=\"post-thumbnail\">\n\n\t\t\n\t\t\n\t\t<a href=\"https:\/\/www.investinluxembourg.be\/nl\/success-story-made-in-belgian-luxembourg-pierret-breidt-verder-uit-in-de-belgische-provincie-luxemburg\/\" class=\"post-thumbnail-rollover layzr-bg layzr-bg\" ><img decoding=\"async\" class=\"blog-thumb-lazy-load preload-me lazy-load aspect\" src=\"data:image\/svg+xml,%3Csvg%20xmlns%3D&#39;http%3A%2F%2Fwww.w3.org%2F2000%2Fsvg&#39;%20viewBox%3D&#39;0%200%20768%20576&#39;%2F%3E\" data-src=\"https:\/\/www.investinluxembourg.be\/wp-content\/uploads\/2023\/07\/14_KM_Libin_Pierret-10-3-scaled-768x576.jpg\" data-srcset=\"https:\/\/www.investinluxembourg.be\/wp-content\/uploads\/2023\/07\/14_KM_Libin_Pierret-10-3-scaled-768x576.jpg 768w, https:\/\/www.investinluxembourg.be\/wp-content\/uploads\/2023\/07\/14_KM_Libin_Pierret-10-3-scaled-1306x979.jpg 1306w\" loading=\"eager\" style=\"--ratio: 768 \/ 576\" sizes=\"(max-width: 768px) 100vw, 768px\" alt=\"\" title=\"Success story made in Belgian Luxembourg: PIERRET breidt verder uit in de Belgische provincie Luxemburg\" width=\"768\" height=\"576\"  \/><\/a>\n\t<\/div>\n<\/div>\n\n\n<div class=\"post-entry-content\">\n\n\t<h3 class=\"entry-title\">\n\t\t<a href=\"https:\/\/www.investinluxembourg.be\/nl\/success-story-made-in-belgian-luxembourg-pierret-breidt-verder-uit-in-de-belgische-provincie-luxemburg\/\" title=\"Success story made in Belgian Luxembourg: PIERRET breidt verder uit in de Belgische provincie Luxemburg\" rel=\"bookmark\">Success story made in Belgian Luxembourg: PIERRET breidt verder uit in de Belgische provincie Luxemburg<\/a>\n\t<\/h3>\n\n\t\n\t<div class=\"entry-excerpt\"><p>De vennootschap PIERRET is een belangrijke speler op de Belgische markt voor de productie van kozijnen (ramen&hellip;<\/p>\n<\/div>\n\t\n<a href=\"https:\/\/www.investinluxembourg.be\/nl\/success-story-made-in-belgian-luxembourg-pierret-breidt-verder-uit-in-de-belgische-provincie-luxemburg\/\" class=\"dt-btn-s dt-btn post-details details-type-btn\" aria-label=\"Read more about Success story made in Belgian Luxembourg: PIERRET breidt verder uit in de Belgische provincie Luxemburg\">Meer informatie<i class=\"dt-icon-the7-arrow-03\" aria-hidden=\"true\"><\/i><\/a>\n\n<\/div><\/article><article class=\"post project-odd hidden post-6701 type-post status-publish format-standard has-post-thumbnail hentry category-blog-nl tag-guichet-unique-nl tag-guichet-unique tag-implantation-nl tag-implantation tag-invest-nl tag-invest tag-investir tag-investir-nl tag-logistique-nl tag-logistique tag-province-de-luxembourg-nl tag-province-de-luxembourg tag-region-wallonne-nl tag-region-wallonne tag-wallonie tag-wallonie-nl category-1 description-off\" data-name=\"Success story Made in Belgian Luxembourg : Salaisons Blaise, een familiebedrijf in volle groei\" data-date=\"2020-11-20T07:32:17+01:00\">\n\n<div class=\"post-thumbnail-wrap\">\n\t<div class=\"post-thumbnail\">\n\n\t\t\n\t\t\n\t\t<a href=\"https:\/\/www.investinluxembourg.be\/nl\/success-story-made-in-belgian-luxembourg-salaisons-blaise-een-familiebedrijf-in-volle-groei\/\" class=\"post-thumbnail-rollover layzr-bg layzr-bg\" ><img decoding=\"async\" class=\"blog-thumb-lazy-load preload-me lazy-load aspect\" src=\"data:image\/svg+xml,%3Csvg%20xmlns%3D&#39;http%3A%2F%2Fwww.w3.org%2F2000%2Fsvg&#39;%20viewBox%3D&#39;0%200%20768%20576&#39;%2F%3E\" data-src=\"https:\/\/www.investinluxembourg.be\/wp-content\/uploads\/2023\/07\/Photo-couverture-1-768x576.jpg\" data-srcset=\"https:\/\/www.investinluxembourg.be\/wp-content\/uploads\/2023\/07\/Photo-couverture-1-768x576.jpg 768w, https:\/\/www.investinluxembourg.be\/wp-content\/uploads\/2023\/07\/Photo-couverture-1-1306x979.jpg 1306w\" loading=\"eager\" style=\"--ratio: 768 \/ 576\" sizes=\"(max-width: 768px) 100vw, 768px\" alt=\"\" title=\"Success story Made in Belgian Luxembourg : Salaisons Blaise\" width=\"768\" height=\"576\"  \/><\/a>\n\t<\/div>\n<\/div>\n\n\n<div class=\"post-entry-content\">\n\n\t<h3 class=\"entry-title\">\n\t\t<a href=\"https:\/\/www.investinluxembourg.be\/nl\/success-story-made-in-belgian-luxembourg-salaisons-blaise-een-familiebedrijf-in-volle-groei\/\" title=\"Success story Made in Belgian Luxembourg : Salaisons Blaise, een familiebedrijf in volle groei\" rel=\"bookmark\">Success story Made in Belgian Luxembourg : Salaisons Blaise, een familiebedrijf in volle groei<\/a>\n\t<\/h3>\n\n\t\n\t<div class=\"entry-excerpt\"><p>De vennootschap Salaisons Blaise (ongeveer 20 werknemers) is actief in de vleeswarenindustrie (worsten, hammen, pasteien en andere&hellip;<\/p>\n<\/div>\n\t\n<a href=\"https:\/\/www.investinluxembourg.be\/nl\/success-story-made-in-belgian-luxembourg-salaisons-blaise-een-familiebedrijf-in-volle-groei\/\" class=\"dt-btn-s dt-btn post-details details-type-btn\" aria-label=\"Read more about Success story Made in Belgian Luxembourg : Salaisons Blaise, een familiebedrijf in volle groei\">Meer informatie<i class=\"dt-icon-the7-arrow-03\" aria-hidden=\"true\"><\/i><\/a>\n\n<\/div><\/article><article class=\"post project-odd hidden post-6706 type-post status-publish format-standard has-post-thumbnail hentry category-blog-nl tag-aides-nl tag-guichet-unique-nl tag-innover-nl tag-luxembourg-belge-nl tag-province-de-luxembourg-nl tag-region-wallonne-nl tag-se-faire-conseiller-nl tag-wallonie-nl category-1 description-off\" data-name=\"IDELUX ondersteunt bedrijven in hun transitie naar &#8220;koolstofarme&#8221; activiteiten\" data-date=\"2020-10-27T13:52:57+01:00\">\n\n<div class=\"post-thumbnail-wrap\">\n\t<div class=\"post-thumbnail\">\n\n\t\t\n\t\t\n\t\t<a href=\"https:\/\/www.investinluxembourg.be\/nl\/idelux-ondersteunt-bedrijven-in-hun-transitie-naar-koolstofarme-activiteiten\/\" class=\"post-thumbnail-rollover layzr-bg layzr-bg\" ><img decoding=\"async\" class=\"blog-thumb-lazy-load preload-me lazy-load aspect\" src=\"data:image\/svg+xml,%3Csvg%20xmlns%3D&#39;http%3A%2F%2Fwww.w3.org%2F2000%2Fsvg&#39;%20viewBox%3D&#39;0%200%20768%20576&#39;%2F%3E\" data-src=\"https:\/\/www.investinluxembourg.be\/wp-content\/uploads\/2023\/07\/DSC4213-scaled-768x576.jpg\" data-srcset=\"https:\/\/www.investinluxembourg.be\/wp-content\/uploads\/2023\/07\/DSC4213-scaled-768x576.jpg 768w, https:\/\/www.investinluxembourg.be\/wp-content\/uploads\/2023\/07\/DSC4213-scaled-1306x979.jpg 1306w\" loading=\"eager\" style=\"--ratio: 768 \/ 576\" sizes=\"(max-width: 768px) 100vw, 768px\" alt=\"\" title=\"IDELUX ondersteunt bedrijven in hun transitie naar &#8220;koolstofarme&#8221; activiteiten\" width=\"768\" height=\"576\"  \/><\/a>\n\t<\/div>\n<\/div>\n\n\n<div class=\"post-entry-content\">\n\n\t<h3 class=\"entry-title\">\n\t\t<a href=\"https:\/\/www.investinluxembourg.be\/nl\/idelux-ondersteunt-bedrijven-in-hun-transitie-naar-koolstofarme-activiteiten\/\" title=\"IDELUX ondersteunt bedrijven in hun transitie naar &#8220;koolstofarme&#8221; activiteiten\" rel=\"bookmark\">IDELUX ondersteunt bedrijven in hun transitie naar &#8220;koolstofarme&#8221; activiteiten<\/a>\n\t<\/h3>\n\n\t\n\t<div class=\"entry-excerpt\"><p>Hoe kan ik mijn energieverbruik verminderen? Wat moet ik doen met mijn afval? Het team van IDELUX&hellip;<\/p>\n<\/div>\n\t\n<a href=\"https:\/\/www.investinluxembourg.be\/nl\/idelux-ondersteunt-bedrijven-in-hun-transitie-naar-koolstofarme-activiteiten\/\" class=\"dt-btn-s dt-btn post-details details-type-btn\" aria-label=\"Read more about IDELUX ondersteunt bedrijven in hun transitie naar &#8220;koolstofarme&#8221; activiteiten\">Meer informatie<i class=\"dt-icon-the7-arrow-03\" aria-hidden=\"true\"><\/i><\/a>\n\n<\/div><\/article><article class=\"post project-odd hidden post-6708 type-post status-publish format-standard has-post-thumbnail hentry category-blog-nl tag-entreprises-nl tag-guichet-unique-nl tag-invest-nl tag-investir-nl tag-logistique-nl tag-luxembourg-belge-nl tag-province-de-luxembourg-nl tag-region-wallonne-nl tag-secteurs-prioritaires-nl tag-terminal-container-athus-nl category-1 description-off\" data-name=\"EEN SPOORWEGVERBINDING DIE VAN CRUCIAAL BELANG IS VOOR ONZE ONTWIKKELING!\" data-date=\"2020-09-01T16:51:04+02:00\">\n\n<div class=\"post-thumbnail-wrap\">\n\t<div class=\"post-thumbnail\">\n\n\t\t\n\t\t\n\t\t<a href=\"https:\/\/www.investinluxembourg.be\/nl\/een-spoorwegverbinding-die-van-cruciaal-belang-is-voor-onze-ontwikkeling\/\" class=\"post-thumbnail-rollover layzr-bg layzr-bg\" ><img decoding=\"async\" class=\"blog-thumb-lazy-load preload-me lazy-load aspect\" src=\"data:image\/svg+xml,%3Csvg%20xmlns%3D&#39;http%3A%2F%2Fwww.w3.org%2F2000%2Fsvg&#39;%20viewBox%3D&#39;0%200%20768%20576&#39;%2F%3E\" data-src=\"https:\/\/www.investinluxembourg.be\/wp-content\/uploads\/2023\/07\/Terminal-Container-Athus-Luxembourg-belge-1-1-768x576.jpeg\" data-srcset=\"https:\/\/www.investinluxembourg.be\/wp-content\/uploads\/2023\/07\/Terminal-Container-Athus-Luxembourg-belge-1-1-768x576.jpeg 768w, https:\/\/www.investinluxembourg.be\/wp-content\/uploads\/2023\/07\/Terminal-Container-Athus-Luxembourg-belge-1-1-1306x979.jpeg 1306w\" loading=\"eager\" style=\"--ratio: 768 \/ 576\" sizes=\"(max-width: 768px) 100vw, 768px\" alt=\"\" title=\"EEN SPOORWEGVERBINDING DIE VAN CRUCIAAL BELANG IS VOOR ONZE ONTWIKKELING!\" width=\"768\" height=\"576\"  \/><\/a>\n\t<\/div>\n<\/div>\n\n\n<div class=\"post-entry-content\">\n\n\t<h3 class=\"entry-title\">\n\t\t<a href=\"https:\/\/www.investinluxembourg.be\/nl\/een-spoorwegverbinding-die-van-cruciaal-belang-is-voor-onze-ontwikkeling\/\" title=\"EEN SPOORWEGVERBINDING DIE VAN CRUCIAAL BELANG IS VOOR ONZE ONTWIKKELING!\" rel=\"bookmark\">EEN SPOORWEGVERBINDING DIE VAN CRUCIAAL BELANG IS VOOR ONZE ONTWIKKELING!<\/a>\n\t<\/h3>\n\n\t\n\t<div class=\"entry-excerpt\"><p>Afgelopen vrijdag startte een belangrijke fase voor de werken aan de nieuwe spoorwegverbinding, tussen Belgi\u00eb en Frankrijk,&hellip;<\/p>\n<\/div>\n\t\n<a href=\"https:\/\/www.investinluxembourg.be\/nl\/een-spoorwegverbinding-die-van-cruciaal-belang-is-voor-onze-ontwikkeling\/\" class=\"dt-btn-s dt-btn post-details details-type-btn\" aria-label=\"Read more about EEN SPOORWEGVERBINDING DIE VAN CRUCIAAL BELANG IS VOOR ONZE ONTWIKKELING!\">Meer informatie<i class=\"dt-icon-the7-arrow-03\" aria-hidden=\"true\"><\/i><\/a>\n\n<\/div><\/article><article class=\"post project-odd hidden post-6716 type-post status-publish format-standard has-post-thumbnail hentry category-blog-nl tag-implantation tag-implantation-nl tag-invest-nl tag-invest tag-investir-nl tag-investir tag-luxembourg-belge-nl tag-luxembourg-belge tag-province-de-luxembourg-nl tag-province-de-luxembourg tag-region-wallonne tag-region-wallonne-nl tag-se-faire-conseiller-nl tag-se-faire-conseiller tag-secteurs-prioritaires category-1 description-off\" data-name=\"Vier redenen om te kiezen voor Belgisch Luxemburg\" data-date=\"2020-07-23T11:03:08+02:00\">\n\n<div class=\"post-thumbnail-wrap\">\n\t<div class=\"post-thumbnail\">\n\n\t\t\n\t\t\n\t\t<a href=\"https:\/\/www.investinluxembourg.be\/nl\/vier-redenen-om-te-kiezen-voor-belgisch-luxemburg\/\" class=\"post-thumbnail-rollover layzr-bg layzr-bg\" ><img decoding=\"async\" class=\"blog-thumb-lazy-load preload-me lazy-load aspect\" src=\"data:image\/svg+xml,%3Csvg%20xmlns%3D&#39;http%3A%2F%2Fwww.w3.org%2F2000%2Fsvg&#39;%20viewBox%3D&#39;0%200%20768%20576&#39;%2F%3E\" data-src=\"https:\/\/www.investinluxembourg.be\/wp-content\/uploads\/2023\/07\/scaletowidthtl-5379820424412528661043138249-768x576.jpeg\" data-srcset=\"https:\/\/www.investinluxembourg.be\/wp-content\/uploads\/2023\/07\/scaletowidthtl-5379820424412528661043138249-768x576.jpeg 768w, https:\/\/www.investinluxembourg.be\/wp-content\/uploads\/2023\/07\/scaletowidthtl-5379820424412528661043138249-936x702.jpeg 936w\" loading=\"eager\" style=\"--ratio: 768 \/ 576\" sizes=\"(max-width: 768px) 100vw, 768px\" alt=\"\" title=\"Vier redenen om te kiezen voor Belgisch Luxemburg\" width=\"768\" height=\"576\"  \/><\/a>\n\t<\/div>\n<\/div>\n\n\n<div class=\"post-entry-content\">\n\n\t<h3 class=\"entry-title\">\n\t\t<a href=\"https:\/\/www.investinluxembourg.be\/nl\/vier-redenen-om-te-kiezen-voor-belgisch-luxemburg\/\" title=\"Vier redenen om te kiezen voor Belgisch Luxemburg\" rel=\"bookmark\">Vier redenen om te kiezen voor Belgisch Luxemburg<\/a>\n\t<\/h3>\n\n\t\n\t<div class=\"entry-excerpt\"><p>4 goede redenen om er te investeren: je zit er goed, je wordt er goed omringd, je&hellip;<\/p>\n<\/div>\n\t\n<a href=\"https:\/\/www.investinluxembourg.be\/nl\/vier-redenen-om-te-kiezen-voor-belgisch-luxemburg\/\" class=\"dt-btn-s dt-btn post-details details-type-btn\" aria-label=\"Read more about Vier redenen om te kiezen voor Belgisch Luxemburg\">Meer informatie<i class=\"dt-icon-the7-arrow-03\" aria-hidden=\"true\"><\/i><\/a>\n\n<\/div><\/article><article class=\"post project-odd hidden post-6729 type-post status-publish format-standard has-post-thumbnail hentry category-blog-nl tag-invest-nl tag-investir-nl tag-novalis-science-park-nl tag-province-de-luxembourg-nl tag-region-wallonne-nl tag-sciences-du-vivant-nl category-1 description-off\" data-name=\"The Novalis Science Park, the perfect ecosystem for nurturing innovation\" data-date=\"2020-06-04T14:20:53+02:00\">\n\n<div class=\"post-thumbnail-wrap\">\n\t<div class=\"post-thumbnail\">\n\n\t\t\n\t\t\n\t\t<a href=\"https:\/\/www.investinluxembourg.be\/nl\/the-novalis-science-park-the-perfect-ecosystem-for-nurturing-innovation\/\" class=\"post-thumbnail-rollover layzr-bg layzr-bg\" ><img decoding=\"async\" class=\"blog-thumb-lazy-load preload-me lazy-load aspect\" src=\"data:image\/svg+xml,%3Csvg%20xmlns%3D&#39;http%3A%2F%2Fwww.w3.org%2F2000%2Fsvg&#39;%20viewBox%3D&#39;0%200%20768%20576&#39;%2F%3E\" data-src=\"https:\/\/www.investinluxembourg.be\/wp-content\/uploads\/2023\/07\/15_KM_Aye_Novalis-4-1-scaled-768x576.jpg\" data-srcset=\"https:\/\/www.investinluxembourg.be\/wp-content\/uploads\/2023\/07\/15_KM_Aye_Novalis-4-1-scaled-768x576.jpg 768w, https:\/\/www.investinluxembourg.be\/wp-content\/uploads\/2023\/07\/15_KM_Aye_Novalis-4-1-scaled-1306x979.jpg 1306w\" loading=\"eager\" style=\"--ratio: 768 \/ 576\" sizes=\"(max-width: 768px) 100vw, 768px\" alt=\"\" title=\"The Novalis Science Park\" width=\"768\" height=\"576\"  \/><\/a>\n\t<\/div>\n<\/div>\n\n\n<div class=\"post-entry-content\">\n\n\t<h3 class=\"entry-title\">\n\t\t<a href=\"https:\/\/www.investinluxembourg.be\/nl\/the-novalis-science-park-the-perfect-ecosystem-for-nurturing-innovation\/\" title=\"The Novalis Science Park, the perfect ecosystem for nurturing innovation\" rel=\"bookmark\">The Novalis Science Park, the perfect ecosystem for nurturing innovation<\/a>\n\t<\/h3>\n\n\t\n\t<div class=\"entry-excerpt\"><p>The Novalis Science Park offers some fantastic opportunities for innovative companies working in life sciences and biotechnology.&hellip;<\/p>\n<\/div>\n\t\n<a href=\"https:\/\/www.investinluxembourg.be\/nl\/the-novalis-science-park-the-perfect-ecosystem-for-nurturing-innovation\/\" class=\"dt-btn-s dt-btn post-details details-type-btn\" aria-label=\"Read more about The Novalis Science Park, the perfect ecosystem for nurturing innovation\">Meer informatie<i class=\"dt-icon-the7-arrow-03\" aria-hidden=\"true\"><\/i><\/a>\n\n<\/div><\/article><article class=\"post project-odd hidden post-6731 type-post status-publish format-standard has-post-thumbnail hentry category-blog-nl tag-entreprises-nl tag-guichet-unique-nl tag-implantation-nl tag-invest-nl tag-luxembourg-belge-nl tag-province-de-luxembourg-nl tag-wallonie-nl category-1 description-off\" data-name=\"Developing your business: have you considered a Relay Hall?\" data-date=\"2020-03-16T09:33:59+01:00\">\n\n<div class=\"post-thumbnail-wrap\">\n\t<div class=\"post-thumbnail\">\n\n\t\t\n\t\t\n\t\t<a href=\"https:\/\/www.investinluxembourg.be\/nl\/developing-your-business-have-you-considered-a-relay-hall\/\" class=\"post-thumbnail-rollover layzr-bg layzr-bg\" ><img decoding=\"async\" class=\"blog-thumb-lazy-load preload-me lazy-load aspect\" src=\"data:image\/svg+xml,%3Csvg%20xmlns%3D&#39;http%3A%2F%2Fwww.w3.org%2F2000%2Fsvg&#39;%20viewBox%3D&#39;0%200%20666%20500&#39;%2F%3E\" data-src=\"https:\/\/www.investinluxembourg.be\/wp-content\/uploads\/2023\/07\/HR-Musson-666x500.jpg\" data-srcset=\"https:\/\/www.investinluxembourg.be\/wp-content\/uploads\/2023\/07\/HR-Musson-666x500.jpg 666w, https:\/\/www.investinluxembourg.be\/wp-content\/uploads\/2023\/07\/HR-Musson-667x500.jpg 667w\" loading=\"eager\" style=\"--ratio: 666 \/ 500\" sizes=\"(max-width: 666px) 100vw, 666px\" alt=\"\" title=\"Developing your business: have you considered a Relay Hall?\" width=\"666\" height=\"500\"  \/><\/a>\n\t<\/div>\n<\/div>\n\n\n<div class=\"post-entry-content\">\n\n\t<h3 class=\"entry-title\">\n\t\t<a href=\"https:\/\/www.investinluxembourg.be\/nl\/developing-your-business-have-you-considered-a-relay-hall\/\" title=\"Developing your business: have you considered a Relay Hall?\" rel=\"bookmark\">Developing your business: have you considered a Relay Hall?<\/a>\n\t<\/h3>\n\n\t\n\t<div class=\"entry-excerpt\"><p>Are you looking for somewhere to set up your business? Is your business growing? Do you need&hellip;<\/p>\n<\/div>\n\t\n<a href=\"https:\/\/www.investinluxembourg.be\/nl\/developing-your-business-have-you-considered-a-relay-hall\/\" class=\"dt-btn-s dt-btn post-details details-type-btn\" aria-label=\"Read more about Developing your business: have you considered a Relay Hall?\">Meer informatie<i class=\"dt-icon-the7-arrow-03\" aria-hidden=\"true\"><\/i><\/a>\n\n<\/div><\/article><article class=\"post project-odd hidden post-6738 type-post status-publish format-standard has-post-thumbnail hentry category-blog-nl tag-ardennes-logistics-nl tag-business-center-nl tag-business-park-nl tag-entreprises-nl tag-implantation-nl tag-invest-nl tag-investir-nl tag-logistique-nl tag-luxembourg-belge-nl tag-province-de-luxembourg-nl tag-region-wallonne-nl tag-wallonie-nl category-1 description-off\" data-name=\"Centre Ardenne, investeren in het hartje van de dynamische economie\" data-date=\"2020-01-16T14:43:45+01:00\">\n\n<div class=\"post-thumbnail-wrap\">\n\t<div class=\"post-thumbnail\">\n\n\t\t\n\t\t\n\t\t<a href=\"https:\/\/www.investinluxembourg.be\/nl\/centre-ardenne-investeren-in-het-hartje-van-de-dynamische-economie\/\" class=\"post-thumbnail-rollover layzr-bg layzr-bg\" ><img decoding=\"async\" class=\"blog-thumb-lazy-load preload-me lazy-load aspect\" src=\"data:image\/svg+xml,%3Csvg%20xmlns%3D&#39;http%3A%2F%2Fwww.w3.org%2F2000%2Fsvg&#39;%20viewBox%3D&#39;0%200%20768%20576&#39;%2F%3E\" data-src=\"https:\/\/www.investinluxembourg.be\/wp-content\/uploads\/2023\/07\/IMG_7141-scaled-768x576.jpg\" data-srcset=\"https:\/\/www.investinluxembourg.be\/wp-content\/uploads\/2023\/07\/IMG_7141-scaled-768x576.jpg 768w, https:\/\/www.investinluxembourg.be\/wp-content\/uploads\/2023\/07\/IMG_7141-scaled-1306x979.jpg 1306w\" loading=\"eager\" style=\"--ratio: 768 \/ 576\" sizes=\"(max-width: 768px) 100vw, 768px\" alt=\"\" title=\"Centre Ardenne\" width=\"768\" height=\"576\"  \/><\/a>\n\t<\/div>\n<\/div>\n\n\n<div class=\"post-entry-content\">\n\n\t<h3 class=\"entry-title\">\n\t\t<a href=\"https:\/\/www.investinluxembourg.be\/nl\/centre-ardenne-investeren-in-het-hartje-van-de-dynamische-economie\/\" title=\"Centre Ardenne, investeren in het hartje van de dynamische economie\" rel=\"bookmark\">Centre Ardenne, investeren in het hartje van de dynamische economie<\/a>\n\t<\/h3>\n\n\t\n\t<div class=\"entry-excerpt\"><p>U zal ongetwijfeld ge\u00efnteresseerd zijn in \u00e9\u00e9n van de 8 bedrijventerreinen in Centre Ardenne die worden beheerd&hellip;<\/p>\n<\/div>\n\t\n<a href=\"https:\/\/www.investinluxembourg.be\/nl\/centre-ardenne-investeren-in-het-hartje-van-de-dynamische-economie\/\" class=\"dt-btn-s dt-btn post-details details-type-btn\" aria-label=\"Read more about Centre Ardenne, investeren in het hartje van de dynamische economie\">Meer informatie<i class=\"dt-icon-the7-arrow-03\" aria-hidden=\"true\"><\/i><\/a>\n\n<\/div><\/article><article class=\"post project-odd hidden post-6740 type-post status-publish format-standard has-post-thumbnail hentry category-blog-nl tag-ardennes-logistics-nl tag-invest-nl tag-investir-nl tag-logistique-nl tag-province-de-luxembourg-nl tag-region-wallonne-nl tag-wallonie-nl category-1 description-off\" data-name=\"De verbinding tussen de havens van de Noordzee en die van de Middellandse Zee loopt via Belgisch Luxemburg !\" data-date=\"2019-11-21T15:09:50+01:00\">\n\n<div class=\"post-thumbnail-wrap\">\n\t<div class=\"post-thumbnail\">\n\n\t\t\n\t\t\n\t\t<a href=\"https:\/\/www.investinluxembourg.be\/nl\/de-verbinding-tussen-de-havens-van-de-noordzee-en-die-van-de-middellandse-zee-loopt-via-belgisch-luxemburg\/\" class=\"post-thumbnail-rollover layzr-bg layzr-bg\" ><img decoding=\"async\" class=\"blog-thumb-lazy-load preload-me lazy-load aspect\" src=\"data:image\/svg+xml,%3Csvg%20xmlns%3D&#39;http%3A%2F%2Fwww.w3.org%2F2000%2Fsvg&#39;%20viewBox%3D&#39;0%200%20768%20576&#39;%2F%3E\" data-src=\"https:\/\/www.investinluxembourg.be\/wp-content\/uploads\/2023\/07\/Invest-in-Luxembourg-Liaison-ferroviaire-logistique-TCA-7-1-1-768x576.jpg\" data-srcset=\"https:\/\/www.investinluxembourg.be\/wp-content\/uploads\/2023\/07\/Invest-in-Luxembourg-Liaison-ferroviaire-logistique-TCA-7-1-1-768x576.jpg 768w, https:\/\/www.investinluxembourg.be\/wp-content\/uploads\/2023\/07\/Invest-in-Luxembourg-Liaison-ferroviaire-logistique-TCA-7-1-1-944x708.jpg 944w\" loading=\"eager\" style=\"--ratio: 768 \/ 576\" sizes=\"(max-width: 768px) 100vw, 768px\" alt=\"\" title=\"De verbinding tussen de havens van de Noordzee en die van de Middellandse Zee loopt via Belgisch Luxemburg !\" width=\"768\" height=\"576\"  \/><\/a>\n\t<\/div>\n<\/div>\n\n\n<div class=\"post-entry-content\">\n\n\t<h3 class=\"entry-title\">\n\t\t<a href=\"https:\/\/www.investinluxembourg.be\/nl\/de-verbinding-tussen-de-havens-van-de-noordzee-en-die-van-de-middellandse-zee-loopt-via-belgisch-luxemburg\/\" title=\"De verbinding tussen de havens van de Noordzee en die van de Middellandse Zee loopt via Belgisch Luxemburg !\" rel=\"bookmark\">De verbinding tussen de havens van de Noordzee en die van de Middellandse Zee loopt via Belgisch Luxemburg !<\/a>\n\t<\/h3>\n\n\t\n\t<div class=\"entry-excerpt\"><p>Lancering van de investeringen op 5 april voor de nieuwe spoorverbinding tussen Belgi\u00eb en Frankrijk ! Het&hellip;<\/p>\n<\/div>\n\t\n<a href=\"https:\/\/www.investinluxembourg.be\/nl\/de-verbinding-tussen-de-havens-van-de-noordzee-en-die-van-de-middellandse-zee-loopt-via-belgisch-luxemburg\/\" class=\"dt-btn-s dt-btn post-details details-type-btn\" aria-label=\"Read more about De verbinding tussen de havens van de Noordzee en die van de Middellandse Zee loopt via Belgisch Luxemburg !\">Meer informatie<i class=\"dt-icon-the7-arrow-03\" aria-hidden=\"true\"><\/i><\/a>\n\n<\/div><\/article><article class=\"post project-odd hidden post-6744 type-post status-publish format-standard has-post-thumbnail hentry category-blog-nl tag-bois tag-guichet-unique-nl tag-guichet-unique tag-implantation-nl tag-implantation tag-invest-nl tag-invest tag-investir-nl tag-investir tag-pole-ardenne-bois tag-province-de-luxembourg tag-province-de-luxembourg-nl tag-region-wallonne-nl tag-region-wallonne tag-wallonie tag-wallonie-nl category-1 description-off\" data-name=\"Succesverhaal made in Belgium: de zagerij Pauls investeert in de provincie Luxemburg\" data-date=\"2019-10-04T09:03:30+02:00\">\n\n<div class=\"post-thumbnail-wrap\">\n\t<div class=\"post-thumbnail\">\n\n\t\t\n\t\t\n\t\t<a href=\"https:\/\/www.investinluxembourg.be\/nl\/succesverhaal-made-in-belgium-de-zagerij-pauls-investeert-in-de-provincie-luxemburg\/\" class=\"post-thumbnail-rollover layzr-bg layzr-bg\" ><img decoding=\"async\" class=\"blog-thumb-lazy-load preload-me lazy-load aspect\" src=\"data:image\/svg+xml,%3Csvg%20xmlns%3D&#39;http%3A%2F%2Fwww.w3.org%2F2000%2Fsvg&#39;%20viewBox%3D&#39;0%200%20768%20576&#39;%2F%3E\" data-src=\"https:\/\/www.investinluxembourg.be\/wp-content\/uploads\/2023\/07\/IMG_7341-1-scaled-768x576.jpg\" data-srcset=\"https:\/\/www.investinluxembourg.be\/wp-content\/uploads\/2023\/07\/IMG_7341-1-scaled-768x576.jpg 768w, https:\/\/www.investinluxembourg.be\/wp-content\/uploads\/2023\/07\/IMG_7341-1-scaled-1306x979.jpg 1306w\" loading=\"eager\" style=\"--ratio: 768 \/ 576\" sizes=\"(max-width: 768px) 100vw, 768px\" alt=\"\" title=\"Succesverhaal made in Belgium: de zagerij Pauls investeert in de provincie Luxemburg\" width=\"768\" height=\"576\"  \/><\/a>\n\t<\/div>\n<\/div>\n\n\n<div class=\"post-entry-content\">\n\n\t<h3 class=\"entry-title\">\n\t\t<a href=\"https:\/\/www.investinluxembourg.be\/nl\/succesverhaal-made-in-belgium-de-zagerij-pauls-investeert-in-de-provincie-luxemburg\/\" title=\"Succesverhaal made in Belgium: de zagerij Pauls investeert in de provincie Luxemburg\" rel=\"bookmark\">Succesverhaal made in Belgium: de zagerij Pauls investeert in de provincie Luxemburg<\/a>\n\t<\/h3>\n\n\t\n\t<div class=\"entry-excerpt\"><p>Het bedrijf &#8220;Holzindustrie PAULS AG&#8221; vestigde zich in 2011 in de provincie Luxemburg om zowel economische als&hellip;<\/p>\n<\/div>\n\t\n<a href=\"https:\/\/www.investinluxembourg.be\/nl\/succesverhaal-made-in-belgium-de-zagerij-pauls-investeert-in-de-provincie-luxemburg\/\" class=\"dt-btn-s dt-btn post-details details-type-btn\" aria-label=\"Read more about Succesverhaal made in Belgium: de zagerij Pauls investeert in de provincie Luxemburg\">Meer informatie<i class=\"dt-icon-the7-arrow-03\" aria-hidden=\"true\"><\/i><\/a>\n\n<\/div><\/article><article class=\"post project-odd hidden post-6753 type-post status-publish format-standard has-post-thumbnail hentry category-blog-nl tag-business-center-nl tag-business-center tag-business-park-nl tag-business-park tag-galaxia-nl tag-incubator tag-invest tag-investir tag-investir-nl tag-pole-redu-transinne-nl tag-province-de-luxembourg-nl tag-province-de-luxembourg tag-region-wallonne tag-region-wallonne-nl tag-spatial-nl tag-spatial category-1 description-off\" data-name=\"Geavanceerd ESA-centrum en ruimte om te investeren : GALAXIA blijft stijgen !\" data-date=\"2019-04-16T08:21:05+02:00\">\n\n<div class=\"post-thumbnail-wrap\">\n\t<div class=\"post-thumbnail\">\n\n\t\t\n\t\t\n\t\t<a href=\"https:\/\/www.investinluxembourg.be\/nl\/geavanceerd-esa-centrum-en-ruimte-om-te-investeren-galaxia-blijft-stijgen\/\" class=\"post-thumbnail-rollover layzr-bg layzr-bg\" ><img decoding=\"async\" class=\"blog-thumb-lazy-load preload-me lazy-load aspect\" src=\"data:image\/svg+xml,%3Csvg%20xmlns%3D&#39;http%3A%2F%2Fwww.w3.org%2F2000%2Fsvg&#39;%20viewBox%3D&#39;0%200%20624%20468&#39;%2F%3E\" data-src=\"https:\/\/www.investinluxembourg.be\/wp-content\/uploads\/2023\/07\/Repository-3-624x468.jpg\" data-srcset=\"https:\/\/www.investinluxembourg.be\/wp-content\/uploads\/2023\/07\/Repository-3-624x468.jpg 624w, https:\/\/www.investinluxembourg.be\/wp-content\/uploads\/2023\/07\/Repository-3-624x467.jpg 624w\" loading=\"eager\" style=\"--ratio: 624 \/ 468\" sizes=\"(max-width: 624px) 100vw, 624px\" alt=\"\" title=\"Geavanceerd ESA-centrum en ruimte om te investeren : GALAXIA blijft stijgen !\" width=\"624\" height=\"468\"  \/><\/a>\n\t<\/div>\n<\/div>\n\n\n<div class=\"post-entry-content\">\n\n\t<h3 class=\"entry-title\">\n\t\t<a href=\"https:\/\/www.investinluxembourg.be\/nl\/geavanceerd-esa-centrum-en-ruimte-om-te-investeren-galaxia-blijft-stijgen\/\" title=\"Geavanceerd ESA-centrum en ruimte om te investeren : GALAXIA blijft stijgen !\" rel=\"bookmark\">Geavanceerd ESA-centrum en ruimte om te investeren : GALAXIA blijft stijgen !<\/a>\n\t<\/h3>\n\n\t\n\t<div class=\"entry-excerpt\"><p>Een wind van dynamiek en groei waait nog steeds over de ruimtepool van Galaxia in Transinne. Galaxia&hellip;<\/p>\n<\/div>\n\t\n<a href=\"https:\/\/www.investinluxembourg.be\/nl\/geavanceerd-esa-centrum-en-ruimte-om-te-investeren-galaxia-blijft-stijgen\/\" class=\"dt-btn-s dt-btn post-details details-type-btn\" aria-label=\"Read more about Geavanceerd ESA-centrum en ruimte om te investeren : GALAXIA blijft stijgen !\">Meer informatie<i class=\"dt-icon-the7-arrow-03\" aria-hidden=\"true\"><\/i><\/a>\n\n<\/div><\/article><article class=\"post project-odd hidden post-6757 type-post status-publish format-standard has-post-thumbnail hentry category-blog-nl tag-agroalimentaire-nl tag-business-park-nl tag-implantation-nl tag-invest-nl tag-investir-nl tag-logistique-nl tag-province-de-luxembourg-nl tag-region-wallonne-nl category-1 description-off\" data-name=\"De onderneming Q-group investeert in de provincie Luxemburg\" data-date=\"2019-03-21T10:30:34+01:00\">\n\n<div class=\"post-thumbnail-wrap\">\n\t<div class=\"post-thumbnail\">\n\n\t\t\n\t\t\n\t\t<a href=\"https:\/\/www.investinluxembourg.be\/nl\/de-onderneming-q-group-investeert-in-de-provincie-luxemburg\/\" class=\"post-thumbnail-rollover layzr-bg layzr-bg\" ><img decoding=\"async\" class=\"blog-thumb-lazy-load preload-me lazy-load aspect\" src=\"data:image\/svg+xml,%3Csvg%20xmlns%3D&#39;http%3A%2F%2Fwww.w3.org%2F2000%2Fsvg&#39;%20viewBox%3D&#39;0%200%20768%20576&#39;%2F%3E\" data-src=\"https:\/\/www.investinluxembourg.be\/wp-content\/uploads\/2023\/07\/18_AS_Neufchateau_Molinfaing_QFood-3-scaled-768x576.jpg\" data-srcset=\"https:\/\/www.investinluxembourg.be\/wp-content\/uploads\/2023\/07\/18_AS_Neufchateau_Molinfaing_QFood-3-scaled-768x576.jpg 768w, https:\/\/www.investinluxembourg.be\/wp-content\/uploads\/2023\/07\/18_AS_Neufchateau_Molinfaing_QFood-3-scaled-1306x979.jpg 1306w\" loading=\"eager\" style=\"--ratio: 768 \/ 576\" sizes=\"(max-width: 768px) 100vw, 768px\" alt=\"\" title=\"De onderneming Q-group investeert in de provincie Luxemburg\" width=\"768\" height=\"576\"  \/><\/a>\n\t<\/div>\n<\/div>\n\n\n<div class=\"post-entry-content\">\n\n\t<h3 class=\"entry-title\">\n\t\t<a href=\"https:\/\/www.investinluxembourg.be\/nl\/de-onderneming-q-group-investeert-in-de-provincie-luxemburg\/\" title=\"De onderneming Q-group investeert in de provincie Luxemburg\" rel=\"bookmark\">De onderneming Q-group investeert in de provincie Luxemburg<\/a>\n\t<\/h3>\n\n\t\n\t<div class=\"entry-excerpt\"><p>Om zijn ontwikkeling in het zuiden van het land en het Groothertogdom Luxemburg te versterken richtte het&hellip;<\/p>\n<\/div>\n\t\n<a href=\"https:\/\/www.investinluxembourg.be\/nl\/de-onderneming-q-group-investeert-in-de-provincie-luxemburg\/\" class=\"dt-btn-s dt-btn post-details details-type-btn\" aria-label=\"Read more about De onderneming Q-group investeert in de provincie Luxemburg\">Meer informatie<i class=\"dt-icon-the7-arrow-03\" aria-hidden=\"true\"><\/i><\/a>\n\n<\/div><\/article><article class=\"post project-odd hidden post-6770 type-post status-publish format-standard has-post-thumbnail hentry category-blog-nl tag-business-center tag-business-park tag-incubator tag-invest tag-investir-nl tag-novalis-science-park-nl tag-region-wallonne-nl tag-sciences-du-vivant-nl category-1 description-off\" data-name=\"VENTURE VIRTUAL OFFICES TO INVEST THE WALLOON AND EUROPEAN MARKET (Cloner)\" data-date=\"2018-10-10T16:01:09+02:00\">\n\n<div class=\"post-thumbnail-wrap\">\n\t<div class=\"post-thumbnail\">\n\n\t\t\n\t\t\n\t\t<a href=\"https:\/\/www.investinluxembourg.be\/nl\/venture-virtual-offices-to-invest-the-walloon-and-european-market-cloner\/\" class=\"post-thumbnail-rollover layzr-bg layzr-bg\" ><img decoding=\"async\" class=\"blog-thumb-lazy-load preload-me lazy-load aspect\" src=\"data:image\/svg+xml,%3Csvg%20xmlns%3D&#39;http%3A%2F%2Fwww.w3.org%2F2000%2Fsvg&#39;%20viewBox%3D&#39;0%200%20768%20576&#39;%2F%3E\" data-src=\"https:\/\/www.investinluxembourg.be\/wp-content\/uploads\/2023\/07\/Novalis-Science-Park-768x576.jpg\" data-srcset=\"https:\/\/www.investinluxembourg.be\/wp-content\/uploads\/2023\/07\/Novalis-Science-Park-768x576.jpg 768w, https:\/\/www.investinluxembourg.be\/wp-content\/uploads\/2023\/07\/Novalis-Science-Park-1306x979.jpg 1306w\" loading=\"eager\" style=\"--ratio: 768 \/ 576\" sizes=\"(max-width: 768px) 100vw, 768px\" alt=\"\" title=\"VENTURE VIRTUAL OFFICES TO INVEST THE WALLOON AND EUROPEAN MARKET (Cloner)\" width=\"768\" height=\"576\"  \/><\/a>\n\t<\/div>\n<\/div>\n\n\n<div class=\"post-entry-content\">\n\n\t<h3 class=\"entry-title\">\n\t\t<a href=\"https:\/\/www.investinluxembourg.be\/nl\/venture-virtual-offices-to-invest-the-walloon-and-european-market-cloner\/\" title=\"VENTURE VIRTUAL OFFICES TO INVEST THE WALLOON AND EUROPEAN MARKET (Cloner)\" rel=\"bookmark\">VENTURE VIRTUAL OFFICES TO INVEST THE WALLOON AND EUROPEAN MARKET (Cloner)<\/a>\n\t<\/h3>\n\n\t\n\t<div class=\"entry-excerpt\"><p>Invest in Luxembourg is the operational arm of the agency of economic development for the belgian Luxembourg&hellip;<\/p>\n<\/div>\n\t\n<a href=\"https:\/\/www.investinluxembourg.be\/nl\/venture-virtual-offices-to-invest-the-walloon-and-european-market-cloner\/\" class=\"dt-btn-s dt-btn post-details details-type-btn\" aria-label=\"Read more about VENTURE VIRTUAL OFFICES TO INVEST THE WALLOON AND EUROPEAN MARKET (Cloner)\">Meer informatie<i class=\"dt-icon-the7-arrow-03\" aria-hidden=\"true\"><\/i><\/a>\n\n<\/div><\/article><article class=\"post project-odd hidden post-6779 type-post status-publish format-standard has-post-thumbnail hentry category-blog-nl category-1 description-off\" data-name=\"Idelux is aanwezig op de Antwerpse Transport &#038; Logistics Beurs\" data-date=\"2017-09-08T09:42:00+02:00\">\n\n<div class=\"post-thumbnail-wrap\">\n\t<div class=\"post-thumbnail\">\n\n\t\t\n\t\t\n\t\t<a href=\"https:\/\/www.investinluxembourg.be\/nl\/idelux-is-aanwezig-op-de-antwerpse-transport-logistics-beurs\/\" class=\"post-thumbnail-rollover layzr-bg layzr-bg\" ><img decoding=\"async\" class=\"blog-thumb-lazy-load preload-me lazy-load aspect\" src=\"data:image\/svg+xml,%3Csvg%20xmlns%3D&#39;http%3A%2F%2Fwww.w3.org%2F2000%2Fsvg&#39;%20viewBox%3D&#39;0%200%20234%20176&#39;%2F%3E\" data-src=\"https:\/\/www.investinluxembourg.be\/wp-content\/uploads\/2023\/07\/original-234x176.jpg\" data-srcset=\"https:\/\/www.investinluxembourg.be\/wp-content\/uploads\/2023\/07\/original-234x176.jpg 234w\" loading=\"eager\" style=\"--ratio: 234 \/ 176\" sizes=\"(max-width: 234px) 100vw, 234px\" alt=\"\" title=\"Idelux sera pr\u00e9sent au salon Transport &#038; Logistics d&#8217;Anvers\" width=\"234\" height=\"176\"  \/><\/a>\n\t<\/div>\n<\/div>\n\n\n<div class=\"post-entry-content\">\n\n\t<h3 class=\"entry-title\">\n\t\t<a href=\"https:\/\/www.investinluxembourg.be\/nl\/idelux-is-aanwezig-op-de-antwerpse-transport-logistics-beurs\/\" title=\"Idelux is aanwezig op de Antwerpse Transport &#038; Logistics Beurs\" rel=\"bookmark\">Idelux is aanwezig op de Antwerpse Transport &#038; Logistics Beurs<\/a>\n\t<\/h3>\n\n\t\n\t<div class=\"entry-excerpt\"><p>Van 17 t\/m 19 oktober is de Transport &#038; Logistics beurs van Antwerpen een onmisbaar evenement voor&hellip;<\/p>\n<\/div>\n\t\n<a href=\"https:\/\/www.investinluxembourg.be\/nl\/idelux-is-aanwezig-op-de-antwerpse-transport-logistics-beurs\/\" class=\"dt-btn-s dt-btn post-details details-type-btn\" aria-label=\"Read more about Idelux is aanwezig op de Antwerpse Transport &#038; Logistics Beurs\">Meer informatie<i class=\"dt-icon-the7-arrow-03\" aria-hidden=\"true\"><\/i><\/a>\n\n<\/div><\/article><div class=\"paginator\" role=\"navigation\"><\/div><\/div>[\/vc_column][\/vc_row]<\/p>\n<\/div>","protected":false},"excerpt":{"rendered":"<p>[vc_row][vc_column][\/vc_column][\/vc_row]<\/p>\n","protected":false},"author":17,"featured_media":0,"parent":0,"menu_order":0,"comment_status":"closed","ping_status":"closed","template":"","meta":{"footnotes":""},"class_list":["post-6245","page","type-page","status-publish","hentry","description-off"],"yoast_head":"<!-- This site is optimized with the Yoast SEO plugin v27.5 - https:\/\/yoast.com\/product\/yoast-seo-wordpress\/ -->\n<title>Nieuws - Idelux<\/title>\n<meta name=\"robots\" content=\"index, follow, max-snippet:-1, max-image-preview:large, max-video-preview:-1\" \/>\n<link rel=\"canonical\" href=\"https:\/\/www.investinluxembourg.be\/nl\/nieuws\/\" \/>\n<meta property=\"og:locale\" content=\"nl_NL\" \/>\n<meta property=\"og:type\" content=\"article\" \/>\n<meta property=\"og:title\" content=\"Nieuws - Idelux\" \/>\n<meta property=\"og:description\" content=\"[vc_row][vc_column][\/vc_column][\/vc_row]\" \/>\n<meta property=\"og:url\" content=\"https:\/\/www.investinluxembourg.be\/nl\/nieuws\/\" \/>\n<meta property=\"og:site_name\" content=\"Idelux\" \/>\n<meta property=\"article:modified_time\" content=\"2023-07-13T06:51:12+00:00\" \/>\n<meta name=\"twitter:card\" content=\"summary_large_image\" \/>\n<script type=\"application\/ld+json\" class=\"yoast-schema-graph\">{\"@context\":\"https:\\\/\\\/schema.org\",\"@graph\":[{\"@type\":\"WebPage\",\"@id\":\"https:\\\/\\\/www.investinluxembourg.be\\\/nl\\\/nieuws\\\/\",\"url\":\"https:\\\/\\\/www.investinluxembourg.be\\\/nl\\\/nieuws\\\/\",\"name\":\"Nieuws - Idelux\",\"isPartOf\":{\"@id\":\"https:\\\/\\\/www.investinluxembourg.be\\\/#website\"},\"datePublished\":\"2023-07-08T23:19:21+00:00\",\"dateModified\":\"2023-07-13T06:51:12+00:00\",\"breadcrumb\":{\"@id\":\"https:\\\/\\\/www.investinluxembourg.be\\\/nl\\\/nieuws\\\/#breadcrumb\"},\"inLanguage\":\"nl-NL\",\"potentialAction\":[{\"@type\":\"ReadAction\",\"target\":[\"https:\\\/\\\/www.investinluxembourg.be\\\/nl\\\/nieuws\\\/\"]}]},{\"@type\":\"BreadcrumbList\",\"@id\":\"https:\\\/\\\/www.investinluxembourg.be\\\/nl\\\/nieuws\\\/#breadcrumb\",\"itemListElement\":[{\"@type\":\"ListItem\",\"position\":1,\"name\":\"Accueil\",\"item\":\"https:\\\/\\\/www.investinluxembourg.be\\\/nl\\\/\"},{\"@type\":\"ListItem\",\"position\":2,\"name\":\"Nieuws\"}]},{\"@type\":\"WebSite\",\"@id\":\"https:\\\/\\\/www.investinluxembourg.be\\\/#website\",\"url\":\"https:\\\/\\\/www.investinluxembourg.be\\\/\",\"name\":\"Idelux\",\"description\":\"\",\"potentialAction\":[{\"@type\":\"SearchAction\",\"target\":{\"@type\":\"EntryPoint\",\"urlTemplate\":\"https:\\\/\\\/www.investinluxembourg.be\\\/?s={search_term_string}\"},\"query-input\":{\"@type\":\"PropertyValueSpecification\",\"valueRequired\":true,\"valueName\":\"search_term_string\"}}],\"inLanguage\":\"nl-NL\"}]}<\/script>\n<!-- \/ Yoast SEO plugin. -->","yoast_head_json":{"title":"Nieuws - Idelux","robots":{"index":"index","follow":"follow","max-snippet":"max-snippet:-1","max-image-preview":"max-image-preview:large","max-video-preview":"max-video-preview:-1"},"canonical":"https:\/\/www.investinluxembourg.be\/nl\/nieuws\/","og_locale":"nl_NL","og_type":"article","og_title":"Nieuws - Idelux","og_description":"[vc_row][vc_column][\/vc_column][\/vc_row]","og_url":"https:\/\/www.investinluxembourg.be\/nl\/nieuws\/","og_site_name":"Idelux","article_modified_time":"2023-07-13T06:51:12+00:00","twitter_card":"summary_large_image","schema":{"@context":"https:\/\/schema.org","@graph":[{"@type":"WebPage","@id":"https:\/\/www.investinluxembourg.be\/nl\/nieuws\/","url":"https:\/\/www.investinluxembourg.be\/nl\/nieuws\/","name":"Nieuws - Idelux","isPartOf":{"@id":"https:\/\/www.investinluxembourg.be\/#website"},"datePublished":"2023-07-08T23:19:21+00:00","dateModified":"2023-07-13T06:51:12+00:00","breadcrumb":{"@id":"https:\/\/www.investinluxembourg.be\/nl\/nieuws\/#breadcrumb"},"inLanguage":"nl-NL","potentialAction":[{"@type":"ReadAction","target":["https:\/\/www.investinluxembourg.be\/nl\/nieuws\/"]}]},{"@type":"BreadcrumbList","@id":"https:\/\/www.investinluxembourg.be\/nl\/nieuws\/#breadcrumb","itemListElement":[{"@type":"ListItem","position":1,"name":"Accueil","item":"https:\/\/www.investinluxembourg.be\/nl\/"},{"@type":"ListItem","position":2,"name":"Nieuws"}]},{"@type":"WebSite","@id":"https:\/\/www.investinluxembourg.be\/#website","url":"https:\/\/www.investinluxembourg.be\/","name":"Idelux","description":"","potentialAction":[{"@type":"SearchAction","target":{"@type":"EntryPoint","urlTemplate":"https:\/\/www.investinluxembourg.be\/?s={search_term_string}"},"query-input":{"@type":"PropertyValueSpecification","valueRequired":true,"valueName":"search_term_string"}}],"inLanguage":"nl-NL"}]}},"_links":{"self":[{"href":"https:\/\/www.investinluxembourg.be\/nl\/wp-json\/wp\/v2\/pages\/6245","targetHints":{"allow":["GET"]}}],"collection":[{"href":"https:\/\/www.investinluxembourg.be\/nl\/wp-json\/wp\/v2\/pages"}],"about":[{"href":"https:\/\/www.investinluxembourg.be\/nl\/wp-json\/wp\/v2\/types\/page"}],"author":[{"embeddable":true,"href":"https:\/\/www.investinluxembourg.be\/nl\/wp-json\/wp\/v2\/users\/17"}],"replies":[{"embeddable":true,"href":"https:\/\/www.investinluxembourg.be\/nl\/wp-json\/wp\/v2\/comments?post=6245"}],"version-history":[{"count":2,"href":"https:\/\/www.investinluxembourg.be\/nl\/wp-json\/wp\/v2\/pages\/6245\/revisions"}],"predecessor-version":[{"id":6882,"href":"https:\/\/www.investinluxembourg.be\/nl\/wp-json\/wp\/v2\/pages\/6245\/revisions\/6882"}],"wp:attachment":[{"href":"https:\/\/www.investinluxembourg.be\/nl\/wp-json\/wp\/v2\/media?parent=6245"}],"curies":[{"name":"wp","href":"https:\/\/api.w.org\/{rel}","templated":true}]}}