{"id":1529,"date":"2017-12-11T13:29:20","date_gmt":"2017-12-11T12:29:20","guid":{"rendered":"https:\/\/www.investinluxembourg.be\/mentions-legales-vie-privee\/"},"modified":"2019-02-06T15:23:58","modified_gmt":"2019-02-06T14:23:58","slug":"general-conditions-privacy","status":"publish","type":"page","link":"https:\/\/www.investinluxembourg.be\/en\/general-conditions-privacy\/","title":{"rendered":"General conditions &#038; privacy"},"content":{"rendered":"<h1>Mentions l\u00e9gales &amp; vie priv\u00e9e<\/h1>\n<p>En visitant le site du Groupe IDELUX-AIVE-IDELUX Finances-IDELUX Projets publics, vous reconnaissez avoir lu la mention l\u00e9gale ci-apr\u00e8s et en respecter sans r\u00e9serve les dispositions.<\/p>\n<p>&nbsp;<\/p>\n<h2>Groupe<\/h2>\n<p>Ce site est celui des intercommunales IDELUX, AIVE, IDELUX Finances et IDELUX Projets publics, r\u00e9gies par le d\u00e9cret relatif aux intercommunales wallonnes publi\u00e9 au Moniteur belge le 23 ao\u00fbt 2006. Nos intercommunales ont chacune pris la forme d\u2019une soci\u00e9t\u00e9 coop\u00e9rative \u00e0 responsabilit\u00e9 limit\u00e9e. Leur si\u00e8ge social est \u00e9tabli Dr\u00e8ve de l\u2019Arc-en-Ciel, 98 6700 Arlon.<\/p>\n<p class=\"p1\">Num\u00e9ro d\u2019entreprise :<\/p>\n<p class=\"p1\">IDELUX : TVA BE 0205.797.475<\/p>\n<p class=\"p1\">IDELUX Projets publics : TVA BE 0832.382.635<\/p>\n<p class=\"p1\">AIVE : TVA BE 0204.359.994<\/p>\n<p class=\"p1\">IDELUX Finances : TVA BE 0258.258.738<\/p>\n<p>&nbsp;<\/p>\n<h2>Informations contenues sur www.idelux-aive.be<\/h2>\n<p>Ce site est destin\u00e9 \u00e0 donner au plus grand nombre un acc\u00e8s simple et rapide aux informations qui pr\u00e9sentent les activit\u00e9s du Groupe IDELUX-AIVE-IDELUX Finances-IDELUX Projets publics. Il est syst\u00e9matiquement actualis\u00e9. Il se peut toutefois qu\u2019y soient reprises des informations erron\u00e9es ou incompl\u00e8tes. L\u2019utilisateur est conscient que chaque information est susceptible d\u2019\u00eatre modifi\u00e9e sans avis pr\u00e9alable.<\/p>\n<p>Les informations pr\u00e9sent\u00e9es sur ce site sont, sauf avis contraire explicite, de nature g\u00e9n\u00e9rale. Elles ne visent donc pas des situations sp\u00e9cifiques ou personnelles. En aucun cas, elles ne peuvent \u00eatre consid\u00e9r\u00e9es comme des conseils juridiques, professionnels ou personnels \u00e0 l\u2019utilisateur. Si vous souhaitez b\u00e9n\u00e9ficier de conseils sp\u00e9cifiques personnalis\u00e9s, nous vous invitons \u00e0 consulter les services comp\u00e9tents au sein des intercommunales, via le menu \u00ab contacts \u00bb, accessible au d\u00e9part de toutes les pages du site.<\/p>\n<p>En aucun cas, la responsabilit\u00e9 des intercommunales IDELUX, AIVE, IDELUX Finances, IDELUX Projets publics ne peut \u00eatre mise en cause du fait de l\u2019utilisation d\u2019informations fournies sur ce site ou de l\u2019absence d\u2019informations sp\u00e9cifiques.<\/p>\n<p>Les informations fournies sur www.idelux-aive.be ne sont pas destin\u00e9es \u00e0 l\u2019\u00e9valuation des intercommunales IDELUX, AIVE, IDELUX Finances et IDELUX Projets publics. L\u2019internaute int\u00e9ress\u00e9 se reportera, le cas \u00e9ch\u00e9ant, aux supports pr\u00e9vus \u00e0 cette fin : rapport d\u2019activit\u00e9s, plan strat\u00e9gique, contrat de gestion et objectifs strat\u00e9giques annuels, disponibles en format pdf sur ce site ou sur simple demande.<\/p>\n<p>Rien dans ce site ne peut \u00eatre compris comme constituant une offre d\u2019acheter ou de vendre des services ni, de fa\u00e7on g\u00e9n\u00e9rale, de contracter, sauf mention contraire explicite.<\/p>\n<p>&nbsp;<\/p>\n<h2>Protection de la vie priv\u00e9e<\/h2>\n<p>En visitant www.idelux-aive.be , vous accordez le droit d\u2019utiliser en interne, \u00e0 des fins d\u2019analyse et de promotion des activit\u00e9s des intercommunales du Groupe, les donn\u00e9es recueillies au d\u00e9part de ce site.<\/p>\n<p>Conform\u00e9ment \u00e0 la loi belge du 8 d\u00e9cembre 1992, relative \u00e0 la protection de la vie priv\u00e9e \u00e0 l\u2019\u00e9gard des traitements de donn\u00e9es \u00e0 caract\u00e8re personnel (modifi\u00e9e par la loi du 11 d\u00e9cembre 1998 transposant la directive 95\/46\/CE du 24 octobre 1995 du Parlement europ\u00e9en et du Conseil relative \u00e0 la protection des personnes physiques \u00e0 l\u2019\u00e9gard du traitement de donn\u00e9es \u00e0 caract\u00e8re personnel et \u00e0 la libre circulation de ces donn\u00e9es), les donn\u00e9es que vous nous adressez sont destin\u00e9es \u00e0 assurer le suivi de votre demande au sein du Groupe IDELUX-AIVE-IDELUX Finances-IDELUX Projets publics. Ces informations ne sont c\u00e9d\u00e9es \u00e0 aucune autre organisation ou entreprise.<\/p>\n<p>Conform\u00e9ment \u00e0 la loi, vous pouvez acc\u00e9der gratuitement aux donn\u00e9es qui vous concernent et faire corriger d\u2019\u00e9ventuelles inexactitudes, en vous adressant au service Communication du Groupe ( webmaster@idelux-aive.be ou par courrier).<\/p>\n<p>De m\u00eame, si vous estimez que notre site ne respecte pas la pr\u00e9sente privacy policy , vous pouvez contacter le Groupe \u00e0 l\u2019adresse mentionn\u00e9e ci-dessus.<\/p>\n<p>En mati\u00e8re de recrutement, nous vous informons que nous nous conformons \u00e0 la l\u00e9gislation belge en vigueur sur la protection de la vie priv\u00e9e et la l\u00e9gislation anti-discrimination, en particulier les lois entr\u00e9es en vigueur le 09 juin 2007 :<\/p>\n<ul>\n<li class=\"p1\">la loi tendant \u00e0 lutter contre certaines formes de discrimination ;<\/li>\n<li class=\"p1\">la loi modifiant la loi du 30 juillet 1981 tendant \u00e0 r\u00e9primer certains actes inspir\u00e9s par le racisme et la x\u00e9nophobie ;<\/li>\n<li class=\"p1\">la loi tendant \u00e0 lutter contre la discrimination entre les femmes et les hommes.<\/li>\n<\/ul>\n<p>&nbsp;<\/p>\n<h2>Liens<\/h2>\n<p>Au cas o\u00f9 des liens seraient cr\u00e9\u00e9s avec d\u2019autres sites, le Groupe IDELUX-AIVE-IDELUX Finances- IDELUX Projets publics ne peut en aucun cas \u00eatre tenu responsable de leur contenu, des erreurs dans les adresses de sites ou dans les noms de domaines y figurant.<\/p>\n<p>Le Groupe IDELUX-AIVE-IDELUX Finances-IDELUX Projets publics autorise la cr\u00e9ation, sans demande pr\u00e9alable, de liens de surface (surface linking) qui renvoient \u00e0 la page d\u2019accueil de www.idelux-aive.be ou \u00e0 toute autre page dans sa globalit\u00e9. Par contre, le recours \u00e0 toutes techniques visant \u00e0 inclure tout ou partie du site www.idelux-aive.be dans un site internet en masquant ne serait-ce que partiellement l\u2019origine exacte de l\u2019information ou pouvant pr\u00eater \u00e0 confusion sur l\u2019origine de l\u2019information requiert l\u2019autorisation \u00e9crite du Groupe. Toute demande en ce sens est \u00e0 adresser \u00e0 webmaster@idelux-aive.be .<\/p>\n<p>&nbsp;<\/p>\n<h2>Propri\u00e9t\u00e9 des droits intellectuels sur le site et son contenu<\/h2>\n<p>Tous droits sur le contenu et l\u2019architecture de www.idelux-aive.be et notamment, mais pas exclusivement, sur les photos, textes, lay-out, dessins, logos, slogans et autres \u00e9l\u00e9ments de ce site sont r\u00e9serv\u00e9s. Ils sont prot\u00e9g\u00e9s par les textes l\u00e9gislatifs et r\u00e9glementaires nationaux et internationaux. Chaque visiteur du site est imp\u00e9rativement tenu de les respecter.<\/p>\n<p>Sauf autorisation pr\u00e9alable et \u00e9crite du Groupe IDELUX-AIVE-IDELUX Finances-IDELUX Projets publics ou d\u2019\u00e9ventuels autres ayant droits, toute reproduction, location, pr\u00eat, radiodiffusion ou utilisation pour ex\u00e9cution publique de ce site et de son contenu, sont interdits, par quelque moyen que ce soit.<\/p>\n<p>&nbsp;<\/p>\n<h2>Probl\u00e8mes techniques<\/h2>\n<p>Le Groupe IDELUX-AIVE-IDELUX Finances-IDELUX Projets publics met tout en oeuvre pour \u00e9viter autant que possible toute interruption due \u00e0 des probl\u00e8mes techniques. Cependant, il d\u00e9cline toute responsabilit\u00e9 du fait d\u2019interruption des services ou d\u2019autres probl\u00e8mes techniques.<\/p>\n<p>&nbsp;<\/p>\n","protected":false},"excerpt":{"rendered":"<p>Mentions l\u00e9gales &amp; vie priv\u00e9e En visitant le site du Groupe IDELUX-AIVE-IDELUX Finances-IDELUX Projets publics, vous reconnaissez avoir lu la mention l\u00e9gale ci-apr\u00e8s et en respecter sans r\u00e9serve les dispositions. &nbsp; Groupe Ce site est celui des intercommunales IDELUX, AIVE, IDELUX Finances et IDELUX Projets publics, r\u00e9gies par le d\u00e9cret relatif aux intercommunales wallonnes publi\u00e9&hellip;<\/p>\n","protected":false},"author":4,"featured_media":0,"parent":0,"menu_order":7,"comment_status":"closed","ping_status":"closed","template":"","meta":{"footnotes":""},"class_list":["post-1529","page","type-page","status-publish","hentry","description-off"],"yoast_head":"<!-- This site is optimized with the Yoast SEO plugin v27.5 - https:\/\/yoast.com\/product\/yoast-seo-wordpress\/ -->\n<title>General conditions &amp; Privacy | Idelux<\/title>\n<meta name=\"description\" content=\"By visiting the website of the IDELUX-AIVE-IDELUX Group Finances-IDELUX Public projects, you acknowledge having read the following legal notice and respect them.\" \/>\n<meta name=\"robots\" content=\"index, follow, max-snippet:-1, max-image-preview:large, max-video-preview:-1\" \/>\n<link rel=\"canonical\" href=\"https:\/\/www.investinluxembourg.be\/en\/general-conditions-privacy\/\" \/>\n<meta property=\"og:locale\" content=\"en_US\" \/>\n<meta property=\"og:type\" content=\"article\" \/>\n<meta property=\"og:title\" content=\"General conditions &amp; Privacy | Idelux\" \/>\n<meta property=\"og:description\" content=\"By visiting the website of the IDELUX-AIVE-IDELUX Group Finances-IDELUX Public projects, you acknowledge having read the following legal notice and respect them.\" \/>\n<meta property=\"og:url\" content=\"https:\/\/www.investinluxembourg.be\/en\/general-conditions-privacy\/\" \/>\n<meta property=\"og:site_name\" content=\"Idelux\" \/>\n<meta property=\"article:modified_time\" content=\"2019-02-06T14:23:58+00:00\" \/>\n<meta name=\"twitter:card\" content=\"summary_large_image\" \/>\n<meta name=\"twitter:label1\" content=\"Est. reading time\" \/>\n\t<meta name=\"twitter:data1\" content=\"5 minutes\" \/>\n<script type=\"application\/ld+json\" class=\"yoast-schema-graph\">{\"@context\":\"https:\\\/\\\/schema.org\",\"@graph\":[{\"@type\":\"WebPage\",\"@id\":\"https:\\\/\\\/www.investinluxembourg.be\\\/en\\\/general-conditions-privacy\\\/\",\"url\":\"https:\\\/\\\/www.investinluxembourg.be\\\/en\\\/general-conditions-privacy\\\/\",\"name\":\"General conditions & Privacy | Idelux\",\"isPartOf\":{\"@id\":\"https:\\\/\\\/www.investinluxembourg.be\\\/#website\"},\"datePublished\":\"2017-12-11T12:29:20+00:00\",\"dateModified\":\"2019-02-06T14:23:58+00:00\",\"description\":\"By visiting the website of the IDELUX-AIVE-IDELUX Group Finances-IDELUX Public projects, you acknowledge having read the following legal notice and respect them.\",\"breadcrumb\":{\"@id\":\"https:\\\/\\\/www.investinluxembourg.be\\\/en\\\/general-conditions-privacy\\\/#breadcrumb\"},\"inLanguage\":\"en-US\",\"potentialAction\":[{\"@type\":\"ReadAction\",\"target\":[\"https:\\\/\\\/www.investinluxembourg.be\\\/en\\\/general-conditions-privacy\\\/\"]}]},{\"@type\":\"BreadcrumbList\",\"@id\":\"https:\\\/\\\/www.investinluxembourg.be\\\/en\\\/general-conditions-privacy\\\/#breadcrumb\",\"itemListElement\":[{\"@type\":\"ListItem\",\"position\":1,\"name\":\"Accueil\",\"item\":\"https:\\\/\\\/www.investinluxembourg.be\\\/en\\\/\"},{\"@type\":\"ListItem\",\"position\":2,\"name\":\"General conditions &#038; privacy\"}]},{\"@type\":\"WebSite\",\"@id\":\"https:\\\/\\\/www.investinluxembourg.be\\\/#website\",\"url\":\"https:\\\/\\\/www.investinluxembourg.be\\\/\",\"name\":\"Idelux\",\"description\":\"\",\"potentialAction\":[{\"@type\":\"SearchAction\",\"target\":{\"@type\":\"EntryPoint\",\"urlTemplate\":\"https:\\\/\\\/www.investinluxembourg.be\\\/?s={search_term_string}\"},\"query-input\":{\"@type\":\"PropertyValueSpecification\",\"valueRequired\":true,\"valueName\":\"search_term_string\"}}],\"inLanguage\":\"en-US\"}]}<\/script>\n<!-- \/ Yoast SEO plugin. -->","yoast_head_json":{"title":"General conditions & Privacy | Idelux","description":"By visiting the website of the IDELUX-AIVE-IDELUX Group Finances-IDELUX Public projects, you acknowledge having read the following legal notice and respect them.","robots":{"index":"index","follow":"follow","max-snippet":"max-snippet:-1","max-image-preview":"max-image-preview:large","max-video-preview":"max-video-preview:-1"},"canonical":"https:\/\/www.investinluxembourg.be\/en\/general-conditions-privacy\/","og_locale":"en_US","og_type":"article","og_title":"General conditions & Privacy | Idelux","og_description":"By visiting the website of the IDELUX-AIVE-IDELUX Group Finances-IDELUX Public projects, you acknowledge having read the following legal notice and respect them.","og_url":"https:\/\/www.investinluxembourg.be\/en\/general-conditions-privacy\/","og_site_name":"Idelux","article_modified_time":"2019-02-06T14:23:58+00:00","twitter_card":"summary_large_image","twitter_misc":{"Est. reading time":"5 minutes"},"schema":{"@context":"https:\/\/schema.org","@graph":[{"@type":"WebPage","@id":"https:\/\/www.investinluxembourg.be\/en\/general-conditions-privacy\/","url":"https:\/\/www.investinluxembourg.be\/en\/general-conditions-privacy\/","name":"General conditions & Privacy | Idelux","isPartOf":{"@id":"https:\/\/www.investinluxembourg.be\/#website"},"datePublished":"2017-12-11T12:29:20+00:00","dateModified":"2019-02-06T14:23:58+00:00","description":"By visiting the website of the IDELUX-AIVE-IDELUX Group Finances-IDELUX Public projects, you acknowledge having read the following legal notice and respect them.","breadcrumb":{"@id":"https:\/\/www.investinluxembourg.be\/en\/general-conditions-privacy\/#breadcrumb"},"inLanguage":"en-US","potentialAction":[{"@type":"ReadAction","target":["https:\/\/www.investinluxembourg.be\/en\/general-conditions-privacy\/"]}]},{"@type":"BreadcrumbList","@id":"https:\/\/www.investinluxembourg.be\/en\/general-conditions-privacy\/#breadcrumb","itemListElement":[{"@type":"ListItem","position":1,"name":"Accueil","item":"https:\/\/www.investinluxembourg.be\/en\/"},{"@type":"ListItem","position":2,"name":"General conditions &#038; privacy"}]},{"@type":"WebSite","@id":"https:\/\/www.investinluxembourg.be\/#website","url":"https:\/\/www.investinluxembourg.be\/","name":"Idelux","description":"","potentialAction":[{"@type":"SearchAction","target":{"@type":"EntryPoint","urlTemplate":"https:\/\/www.investinluxembourg.be\/?s={search_term_string}"},"query-input":{"@type":"PropertyValueSpecification","valueRequired":true,"valueName":"search_term_string"}}],"inLanguage":"en-US"}]}},"_links":{"self":[{"href":"https:\/\/www.investinluxembourg.be\/en\/wp-json\/wp\/v2\/pages\/1529","targetHints":{"allow":["GET"]}}],"collection":[{"href":"https:\/\/www.investinluxembourg.be\/en\/wp-json\/wp\/v2\/pages"}],"about":[{"href":"https:\/\/www.investinluxembourg.be\/en\/wp-json\/wp\/v2\/types\/page"}],"author":[{"embeddable":true,"href":"https:\/\/www.investinluxembourg.be\/en\/wp-json\/wp\/v2\/users\/4"}],"replies":[{"embeddable":true,"href":"https:\/\/www.investinluxembourg.be\/en\/wp-json\/wp\/v2\/comments?post=1529"}],"version-history":[{"count":0,"href":"https:\/\/www.investinluxembourg.be\/en\/wp-json\/wp\/v2\/pages\/1529\/revisions"}],"wp:attachment":[{"href":"https:\/\/www.investinluxembourg.be\/en\/wp-json\/wp\/v2\/media?parent=1529"}],"curies":[{"name":"wp","href":"https:\/\/api.w.org\/{rel}","templated":true}]}}